{"id":815,"date":"2017-05-10T16:14:53","date_gmt":"2017-05-10T16:14:53","guid":{"rendered":"http:\/\/www.sabine-serrad.fr\/?post_type=jetpack-portfolio&#038;p=815"},"modified":"2021-05-17T09:25:24","modified_gmt":"2021-05-17T09:25:24","slug":"publications","status":"publish","type":"jetpack-portfolio","link":"http:\/\/www.sabine-serrad.fr\/?portfolio=publications","title":{"rendered":"PUBLICATIONS ARCHITECTURE\/ D\u00c9CORATION"},"content":{"rendered":"<div class=\"tiled-gallery type-rectangular tiled-gallery-unresized\" data-original-width=\"1200\" data-carousel-extra='{&quot;blog_id&quot;:1,&quot;permalink&quot;:&quot;http:\\\/\\\/www.sabine-serrad.fr\\\/?portfolio=publications&quot;,&quot;likes_blog_id&quot;:101430433}' itemscope itemtype=\"http:\/\/schema.org\/ImageGallery\" > <div class=\"gallery-row\" style=\"width: 1200px; height: 524px;\" data-original-width=\"1200\" data-original-height=\"524\" > <div class=\"gallery-group images-1\" style=\"width: 800px; height: 524px;\" data-original-width=\"800\" data-original-height=\"524\" > <div class=\"tiled-gallery-item tiled-gallery-item-large\" itemprop=\"associatedMedia\" itemscope itemtype=\"http:\/\/schema.org\/ImageObject\"> <a href=\"http:\/\/www.sabine-serrad.fr\/?attachment_id=1458\" border=\"0\" itemprop=\"url\"> <meta itemprop=\"width\" content=\"796\"> <meta itemprop=\"height\" content=\"520\"> <img decoding=\"async\" class=\"\" data-attachment-id=\"1458\" data-orig-file=\"http:\/\/www.sabine-serrad.fr\/wp-content\/uploads\/2021\/05\/Domodeco-N-98-Colombe-Marciano-Sabine-Serrad-1.jpg\" data-orig-size=\"2953,1928\" data-comments-opened=\"\" data-image-meta=\"{&quot;aperture&quot;:&quot;0&quot;,&quot;credit&quot;:&quot;&quot;,&quot;camera&quot;:&quot;&quot;,&quot;caption&quot;:&quot;&quot;,&quot;created_timestamp&quot;:&quot;0&quot;,&quot;copyright&quot;:&quot;&quot;,&quot;focal_length&quot;:&quot;0&quot;,&quot;iso&quot;:&quot;0&quot;,&quot;shutter_speed&quot;:&quot;0&quot;,&quot;title&quot;:&quot;&quot;,&quot;orientation&quot;:&quot;1&quot;}\" data-image-title=\"Domodeco n\u00b0 98\" data-image-description=\"\" data-medium-file=\"https:\/\/i0.wp.com\/www.sabine-serrad.fr\/wp-content\/uploads\/2021\/05\/Domodeco-N-98-Colombe-Marciano-Sabine-Serrad-1.jpg?fit=600%2C392\" data-large-file=\"https:\/\/i0.wp.com\/www.sabine-serrad.fr\/wp-content\/uploads\/2021\/05\/Domodeco-N-98-Colombe-Marciano-Sabine-Serrad-1.jpg?fit=1200%2C783\" src=\"https:\/\/i0.wp.com\/www.sabine-serrad.fr\/wp-content\/uploads\/2021\/05\/Domodeco-N-98-Colombe-Marciano-Sabine-Serrad-1.jpg?w=796&#038;h=520\" srcset=\"https:\/\/i0.wp.com\/www.sabine-serrad.fr\/wp-content\/uploads\/2021\/05\/Domodeco-N-98-Colombe-Marciano-Sabine-Serrad-1.jpg?w=2953 2953w, https:\/\/i0.wp.com\/www.sabine-serrad.fr\/wp-content\/uploads\/2021\/05\/Domodeco-N-98-Colombe-Marciano-Sabine-Serrad-1.jpg?resize=600%2C392 600w, https:\/\/i0.wp.com\/www.sabine-serrad.fr\/wp-content\/uploads\/2021\/05\/Domodeco-N-98-Colombe-Marciano-Sabine-Serrad-1.jpg?resize=768%2C501 768w, https:\/\/i0.wp.com\/www.sabine-serrad.fr\/wp-content\/uploads\/2021\/05\/Domodeco-N-98-Colombe-Marciano-Sabine-Serrad-1.jpg?resize=1229%2C802 1229w, https:\/\/i0.wp.com\/www.sabine-serrad.fr\/wp-content\/uploads\/2021\/05\/Domodeco-N-98-Colombe-Marciano-Sabine-Serrad-1.jpg?w=2400 2400w\" width=\"796\" height=\"520\" loading=\"lazy\" data-original-width=\"796\" data-original-height=\"520\" itemprop=\"http:\/\/schema.org\/image\" title=\"Domodeco n\u00b0 98\" alt=\"Domodeco \/ Architecture int\u00e9rieur Colombe Marciano\" style=\"width: 796px; height: 520px;\" \/> <\/a> <div class=\"tiled-gallery-caption\" itemprop=\"caption description\"> Domodeco \/ Architecture int\u00e9rieur Colombe Marciano <\/div> <\/div> <\/div> <!-- close group --> <div class=\"gallery-group images-2\" style=\"width: 400px; height: 524px;\" data-original-width=\"400\" data-original-height=\"524\" > <div class=\"tiled-gallery-item tiled-gallery-item-large\" itemprop=\"associatedMedia\" itemscope itemtype=\"http:\/\/schema.org\/ImageObject\"> <a href=\"http:\/\/www.sabine-serrad.fr\/?attachment_id=1461\" border=\"0\" itemprop=\"url\"> <meta itemprop=\"width\" content=\"396\"> <meta itemprop=\"height\" content=\"258\"> <img decoding=\"async\" class=\"\" data-attachment-id=\"1461\" data-orig-file=\"http:\/\/www.sabine-serrad.fr\/wp-content\/uploads\/2021\/05\/Domodeco-N-98-Colombe-Marciano-Sabine-Serrad-4.jpg\" data-orig-size=\"2953,1924\" data-comments-opened=\"\" data-image-meta=\"{&quot;aperture&quot;:&quot;0&quot;,&quot;credit&quot;:&quot;&quot;,&quot;camera&quot;:&quot;&quot;,&quot;caption&quot;:&quot;&quot;,&quot;created_timestamp&quot;:&quot;0&quot;,&quot;copyright&quot;:&quot;&quot;,&quot;focal_length&quot;:&quot;0&quot;,&quot;iso&quot;:&quot;0&quot;,&quot;shutter_speed&quot;:&quot;0&quot;,&quot;title&quot;:&quot;&quot;,&quot;orientation&quot;:&quot;1&quot;}\" data-image-title=\"Domodeco n\u00b098\" data-image-description=\"\" data-medium-file=\"https:\/\/i0.wp.com\/www.sabine-serrad.fr\/wp-content\/uploads\/2021\/05\/Domodeco-N-98-Colombe-Marciano-Sabine-Serrad-4.jpg?fit=600%2C391\" data-large-file=\"https:\/\/i0.wp.com\/www.sabine-serrad.fr\/wp-content\/uploads\/2021\/05\/Domodeco-N-98-Colombe-Marciano-Sabine-Serrad-4.jpg?fit=1200%2C782\" src=\"https:\/\/i0.wp.com\/www.sabine-serrad.fr\/wp-content\/uploads\/2021\/05\/Domodeco-N-98-Colombe-Marciano-Sabine-Serrad-4.jpg?w=396&#038;h=258\" srcset=\"https:\/\/i0.wp.com\/www.sabine-serrad.fr\/wp-content\/uploads\/2021\/05\/Domodeco-N-98-Colombe-Marciano-Sabine-Serrad-4.jpg?w=2953 2953w, https:\/\/i0.wp.com\/www.sabine-serrad.fr\/wp-content\/uploads\/2021\/05\/Domodeco-N-98-Colombe-Marciano-Sabine-Serrad-4.jpg?resize=600%2C391 600w, https:\/\/i0.wp.com\/www.sabine-serrad.fr\/wp-content\/uploads\/2021\/05\/Domodeco-N-98-Colombe-Marciano-Sabine-Serrad-4.jpg?resize=768%2C500 768w, https:\/\/i0.wp.com\/www.sabine-serrad.fr\/wp-content\/uploads\/2021\/05\/Domodeco-N-98-Colombe-Marciano-Sabine-Serrad-4.jpg?resize=1229%2C801 1229w, https:\/\/i0.wp.com\/www.sabine-serrad.fr\/wp-content\/uploads\/2021\/05\/Domodeco-N-98-Colombe-Marciano-Sabine-Serrad-4.jpg?w=2400 2400w\" width=\"396\" height=\"258\" loading=\"lazy\" data-original-width=\"396\" data-original-height=\"258\" itemprop=\"http:\/\/schema.org\/image\" title=\"Domodeco n\u00b098\" alt=\"Domodeco \/ Architecture int\u00e9rieur Colombe Marciano\" style=\"width: 396px; height: 258px;\" \/> <\/a> <div class=\"tiled-gallery-caption\" itemprop=\"caption description\"> Domodeco \/ Architecture int\u00e9rieur Colombe Marciano <\/div> <\/div> <div class=\"tiled-gallery-item tiled-gallery-item-large\" itemprop=\"associatedMedia\" itemscope itemtype=\"http:\/\/schema.org\/ImageObject\"> <a href=\"http:\/\/www.sabine-serrad.fr\/?attachment_id=1404\" border=\"0\" itemprop=\"url\"> <meta itemprop=\"width\" content=\"396\"> <meta itemprop=\"height\" content=\"258\"> <img decoding=\"async\" class=\"\" data-attachment-id=\"1404\" data-orig-file=\"http:\/\/www.sabine-serrad.fr\/wp-content\/uploads\/2021\/01\/Domodeco-Agence-By-Chamonix-Sabine-Serrad-3.png\" data-orig-size=\"1831,1194\" data-comments-opened=\"\" data-image-meta=\"{&quot;aperture&quot;:&quot;0&quot;,&quot;credit&quot;:&quot;&quot;,&quot;camera&quot;:&quot;&quot;,&quot;caption&quot;:&quot;&quot;,&quot;created_timestamp&quot;:&quot;0&quot;,&quot;copyright&quot;:&quot;&quot;,&quot;focal_length&quot;:&quot;0&quot;,&quot;iso&quot;:&quot;0&quot;,&quot;shutter_speed&quot;:&quot;0&quot;,&quot;title&quot;:&quot;&quot;,&quot;orientation&quot;:&quot;0&quot;}\" data-image-title=\"Publication DOMODECO \/ Hors s\u00e9rie Montagne \/ Agence By\" data-image-description=\"\" data-medium-file=\"https:\/\/i0.wp.com\/www.sabine-serrad.fr\/wp-content\/uploads\/2021\/01\/Domodeco-Agence-By-Chamonix-Sabine-Serrad-3.png?fit=600%2C391\" data-large-file=\"https:\/\/i0.wp.com\/www.sabine-serrad.fr\/wp-content\/uploads\/2021\/01\/Domodeco-Agence-By-Chamonix-Sabine-Serrad-3.png?fit=1200%2C782\" src=\"https:\/\/i0.wp.com\/www.sabine-serrad.fr\/wp-content\/uploads\/2021\/01\/Domodeco-Agence-By-Chamonix-Sabine-Serrad-3.png?w=396&#038;h=258\" srcset=\"https:\/\/i0.wp.com\/www.sabine-serrad.fr\/wp-content\/uploads\/2021\/01\/Domodeco-Agence-By-Chamonix-Sabine-Serrad-3.png?w=1831 1831w, https:\/\/i0.wp.com\/www.sabine-serrad.fr\/wp-content\/uploads\/2021\/01\/Domodeco-Agence-By-Chamonix-Sabine-Serrad-3.png?resize=600%2C391 600w, https:\/\/i0.wp.com\/www.sabine-serrad.fr\/wp-content\/uploads\/2021\/01\/Domodeco-Agence-By-Chamonix-Sabine-Serrad-3.png?resize=768%2C501 768w, https:\/\/i0.wp.com\/www.sabine-serrad.fr\/wp-content\/uploads\/2021\/01\/Domodeco-Agence-By-Chamonix-Sabine-Serrad-3.png?resize=1229%2C801 1229w\" width=\"396\" height=\"258\" loading=\"lazy\" data-original-width=\"396\" data-original-height=\"258\" itemprop=\"http:\/\/schema.org\/image\" title=\"Publication DOMODECO \/ Hors s\u00e9rie Montagne \/ Agence By\" alt=\"Triplex Chamonix \/ Agence By\" style=\"width: 396px; height: 258px;\" \/> <\/a> <div class=\"tiled-gallery-caption\" itemprop=\"caption description\"> Triplex Chamonix \/ Agence By <\/div> <\/div> <\/div> <!-- close group --> <\/div> <!-- close row --> <div class=\"gallery-row\" style=\"width: 1200px; height: 381px;\" data-original-width=\"1200\" data-original-height=\"381\" > <div class=\"gallery-group images-1\" style=\"width: 583px; height: 381px;\" data-original-width=\"583\" data-original-height=\"381\" > <div class=\"tiled-gallery-item tiled-gallery-item-large\" itemprop=\"associatedMedia\" itemscope itemtype=\"http:\/\/schema.org\/ImageObject\"> <a href=\"http:\/\/www.sabine-serrad.fr\/?attachment_id=1406\" border=\"0\" itemprop=\"url\"> <meta itemprop=\"width\" content=\"579\"> <meta itemprop=\"height\" content=\"377\"> <img decoding=\"async\" class=\"\" data-attachment-id=\"1406\" data-orig-file=\"http:\/\/www.sabine-serrad.fr\/wp-content\/uploads\/2021\/01\/Domodeco-Agence-By-Chamonix-Sabine-Serrad-5.png\" data-orig-size=\"1831,1193\" data-comments-opened=\"\" data-image-meta=\"{&quot;aperture&quot;:&quot;0&quot;,&quot;credit&quot;:&quot;&quot;,&quot;camera&quot;:&quot;&quot;,&quot;caption&quot;:&quot;&quot;,&quot;created_timestamp&quot;:&quot;0&quot;,&quot;copyright&quot;:&quot;&quot;,&quot;focal_length&quot;:&quot;0&quot;,&quot;iso&quot;:&quot;0&quot;,&quot;shutter_speed&quot;:&quot;0&quot;,&quot;title&quot;:&quot;&quot;,&quot;orientation&quot;:&quot;0&quot;}\" data-image-title=\"Publication DOMODECO \/ Hors s\u00e9rie Montagne \/ Agence By\" data-image-description=\"\" data-medium-file=\"https:\/\/i0.wp.com\/www.sabine-serrad.fr\/wp-content\/uploads\/2021\/01\/Domodeco-Agence-By-Chamonix-Sabine-Serrad-5.png?fit=600%2C391\" data-large-file=\"https:\/\/i0.wp.com\/www.sabine-serrad.fr\/wp-content\/uploads\/2021\/01\/Domodeco-Agence-By-Chamonix-Sabine-Serrad-5.png?fit=1200%2C782\" src=\"https:\/\/i0.wp.com\/www.sabine-serrad.fr\/wp-content\/uploads\/2021\/01\/Domodeco-Agence-By-Chamonix-Sabine-Serrad-5.png?w=579&#038;h=377\" srcset=\"https:\/\/i0.wp.com\/www.sabine-serrad.fr\/wp-content\/uploads\/2021\/01\/Domodeco-Agence-By-Chamonix-Sabine-Serrad-5.png?w=1831 1831w, https:\/\/i0.wp.com\/www.sabine-serrad.fr\/wp-content\/uploads\/2021\/01\/Domodeco-Agence-By-Chamonix-Sabine-Serrad-5.png?resize=600%2C391 600w, https:\/\/i0.wp.com\/www.sabine-serrad.fr\/wp-content\/uploads\/2021\/01\/Domodeco-Agence-By-Chamonix-Sabine-Serrad-5.png?resize=768%2C500 768w, https:\/\/i0.wp.com\/www.sabine-serrad.fr\/wp-content\/uploads\/2021\/01\/Domodeco-Agence-By-Chamonix-Sabine-Serrad-5.png?resize=1229%2C801 1229w\" width=\"579\" height=\"377\" loading=\"lazy\" data-original-width=\"579\" data-original-height=\"377\" itemprop=\"http:\/\/schema.org\/image\" title=\"Publication DOMODECO \/ Hors s\u00e9rie Montagne \/ Agence By\" alt=\"Triplex Chamonix \/ Agence By\" style=\"width: 579px; height: 377px;\" \/> <\/a> <div class=\"tiled-gallery-caption\" itemprop=\"caption description\"> Triplex Chamonix \/ Agence By <\/div> <\/div> <\/div> <!-- close group --> <div class=\"gallery-group images-1\" style=\"width: 323px; height: 381px;\" data-original-width=\"323\" data-original-height=\"381\" > <div class=\"tiled-gallery-item tiled-gallery-item-large\" itemprop=\"associatedMedia\" itemscope itemtype=\"http:\/\/schema.org\/ImageObject\"> <a href=\"http:\/\/www.sabine-serrad.fr\/?attachment_id=1386\" border=\"0\" itemprop=\"url\"> <meta itemprop=\"width\" content=\"319\"> <meta itemprop=\"height\" content=\"377\"> <img decoding=\"async\" class=\"\" data-attachment-id=\"1386\" data-orig-file=\"http:\/\/www.sabine-serrad.fr\/wp-content\/uploads\/2021\/01\/CoteSud-Publication-Sabine-Serrad.png\" data-orig-size=\"509,602\" data-comments-opened=\"\" data-image-meta=\"{&quot;aperture&quot;:&quot;0&quot;,&quot;credit&quot;:&quot;&quot;,&quot;camera&quot;:&quot;&quot;,&quot;caption&quot;:&quot;&quot;,&quot;created_timestamp&quot;:&quot;0&quot;,&quot;copyright&quot;:&quot;&quot;,&quot;focal_length&quot;:&quot;0&quot;,&quot;iso&quot;:&quot;0&quot;,&quot;shutter_speed&quot;:&quot;0&quot;,&quot;title&quot;:&quot;&quot;,&quot;orientation&quot;:&quot;0&quot;}\" data-image-title=\"Cot\u00e9Sud Publication \/ Nathalie Rives\" data-image-description=\"\" data-medium-file=\"https:\/\/i0.wp.com\/www.sabine-serrad.fr\/wp-content\/uploads\/2021\/01\/CoteSud-Publication-Sabine-Serrad.png?fit=509%2C602\" data-large-file=\"https:\/\/i0.wp.com\/www.sabine-serrad.fr\/wp-content\/uploads\/2021\/01\/CoteSud-Publication-Sabine-Serrad.png?fit=509%2C602\" src=\"https:\/\/i0.wp.com\/www.sabine-serrad.fr\/wp-content\/uploads\/2021\/01\/CoteSud-Publication-Sabine-Serrad.png?w=319&#038;h=377\" width=\"319\" height=\"377\" loading=\"lazy\" data-original-width=\"319\" data-original-height=\"377\" itemprop=\"http:\/\/schema.org\/image\" title=\"Cot\u00e9Sud Publication \/ Nathalie Rives\" alt=\"Cot\u00e9Sud Publication \/ Nathalie Rives\" style=\"width: 319px; height: 377px;\" \/> <\/a> <\/div> <\/div> <!-- close group --> <div class=\"gallery-group images-1\" style=\"width: 294px; height: 381px;\" data-original-width=\"294\" data-original-height=\"381\" > <div class=\"tiled-gallery-item tiled-gallery-item-large\" itemprop=\"associatedMedia\" itemscope itemtype=\"http:\/\/schema.org\/ImageObject\"> <a href=\"http:\/\/www.sabine-serrad.fr\/?attachment_id=1374\" border=\"0\" itemprop=\"url\"> <meta itemprop=\"width\" content=\"290\"> <meta itemprop=\"height\" content=\"377\"> <img decoding=\"async\" class=\"\" data-attachment-id=\"1374\" data-orig-file=\"http:\/\/www.sabine-serrad.fr\/wp-content\/uploads\/2021\/01\/Magazine-Les-Enfants-du-Design-2020.jpg\" data-orig-size=\"763,992\" data-comments-opened=\"\" data-image-meta=\"{&quot;aperture&quot;:&quot;0&quot;,&quot;credit&quot;:&quot;&quot;,&quot;camera&quot;:&quot;&quot;,&quot;caption&quot;:&quot;&quot;,&quot;created_timestamp&quot;:&quot;0&quot;,&quot;copyright&quot;:&quot;&quot;,&quot;focal_length&quot;:&quot;0&quot;,&quot;iso&quot;:&quot;0&quot;,&quot;shutter_speed&quot;:&quot;0&quot;,&quot;title&quot;:&quot;&quot;,&quot;orientation&quot;:&quot;1&quot;}\" data-image-title=\"Les Enfants Du Design \/ Magazine de No\u00ebl 2020\" data-image-description=\"\" data-medium-file=\"https:\/\/i0.wp.com\/www.sabine-serrad.fr\/wp-content\/uploads\/2021\/01\/Magazine-Les-Enfants-du-Design-2020.jpg?fit=600%2C780\" data-large-file=\"https:\/\/i0.wp.com\/www.sabine-serrad.fr\/wp-content\/uploads\/2021\/01\/Magazine-Les-Enfants-du-Design-2020.jpg?fit=763%2C992\" src=\"https:\/\/i0.wp.com\/www.sabine-serrad.fr\/wp-content\/uploads\/2021\/01\/Magazine-Les-Enfants-du-Design-2020.jpg?w=290&#038;h=377\" srcset=\"https:\/\/i0.wp.com\/www.sabine-serrad.fr\/wp-content\/uploads\/2021\/01\/Magazine-Les-Enfants-du-Design-2020.jpg?w=763 763w, https:\/\/i0.wp.com\/www.sabine-serrad.fr\/wp-content\/uploads\/2021\/01\/Magazine-Les-Enfants-du-Design-2020.jpg?resize=600%2C780 600w\" width=\"290\" height=\"377\" loading=\"lazy\" data-original-width=\"290\" data-original-height=\"377\" itemprop=\"http:\/\/schema.org\/image\" title=\"Les Enfants Du Design \/ Magazine de No\u00ebl 2020\" alt=\"Magazine de No\u00ebl 2020\" style=\"width: 290px; height: 377px;\" \/> <\/a> <div class=\"tiled-gallery-caption\" itemprop=\"caption description\"> Magazine de No\u00ebl 2020 <\/div> <\/div> <\/div> <!-- close group --> <\/div> <!-- close row --> <div class=\"gallery-row\" style=\"width: 1200px; height: 523px;\" data-original-width=\"1200\" data-original-height=\"523\" > <div class=\"gallery-group images-2\" style=\"width: 400px; height: 523px;\" data-original-width=\"400\" data-original-height=\"523\" > <div class=\"tiled-gallery-item tiled-gallery-item-large\" itemprop=\"associatedMedia\" itemscope itemtype=\"http:\/\/schema.org\/ImageObject\"> <a href=\"http:\/\/www.sabine-serrad.fr\/?attachment_id=1371\" border=\"0\" itemprop=\"url\"> <meta itemprop=\"width\" content=\"396\"> <meta itemprop=\"height\" content=\"258\"> <img decoding=\"async\" class=\"\" data-attachment-id=\"1371\" data-orig-file=\"http:\/\/www.sabine-serrad.fr\/wp-content\/uploads\/2021\/01\/Magazine-Les-Enfants-du-Design-2020-2.jpg\" data-orig-size=\"1417,922\" data-comments-opened=\"\" data-image-meta=\"{&quot;aperture&quot;:&quot;0&quot;,&quot;credit&quot;:&quot;&quot;,&quot;camera&quot;:&quot;&quot;,&quot;caption&quot;:&quot;&quot;,&quot;created_timestamp&quot;:&quot;0&quot;,&quot;copyright&quot;:&quot;&quot;,&quot;focal_length&quot;:&quot;0&quot;,&quot;iso&quot;:&quot;0&quot;,&quot;shutter_speed&quot;:&quot;0&quot;,&quot;title&quot;:&quot;&quot;,&quot;orientation&quot;:&quot;1&quot;}\" data-image-title=\"Les Enfants Du Design \/ Magazine de No\u00ebl 2020\" data-image-description=\"\" data-medium-file=\"https:\/\/i0.wp.com\/www.sabine-serrad.fr\/wp-content\/uploads\/2021\/01\/Magazine-Les-Enfants-du-Design-2020-2.jpg?fit=600%2C390\" data-large-file=\"https:\/\/i0.wp.com\/www.sabine-serrad.fr\/wp-content\/uploads\/2021\/01\/Magazine-Les-Enfants-du-Design-2020-2.jpg?fit=1200%2C781\" src=\"https:\/\/i0.wp.com\/www.sabine-serrad.fr\/wp-content\/uploads\/2021\/01\/Magazine-Les-Enfants-du-Design-2020-2.jpg?w=396&#038;h=258\" srcset=\"https:\/\/i0.wp.com\/www.sabine-serrad.fr\/wp-content\/uploads\/2021\/01\/Magazine-Les-Enfants-du-Design-2020-2.jpg?w=1417 1417w, https:\/\/i0.wp.com\/www.sabine-serrad.fr\/wp-content\/uploads\/2021\/01\/Magazine-Les-Enfants-du-Design-2020-2.jpg?resize=600%2C390 600w, https:\/\/i0.wp.com\/www.sabine-serrad.fr\/wp-content\/uploads\/2021\/01\/Magazine-Les-Enfants-du-Design-2020-2.jpg?resize=768%2C500 768w, https:\/\/i0.wp.com\/www.sabine-serrad.fr\/wp-content\/uploads\/2021\/01\/Magazine-Les-Enfants-du-Design-2020-2.jpg?resize=1229%2C800 1229w\" width=\"396\" height=\"258\" loading=\"lazy\" data-original-width=\"396\" data-original-height=\"258\" itemprop=\"http:\/\/schema.org\/image\" title=\"Les Enfants Du Design \/ Magazine de No\u00ebl 2020\" alt=\"Les Enfants Du Design \/ Magazine de No\u00ebl 2020\" style=\"width: 396px; height: 258px;\" \/> <\/a> <div class=\"tiled-gallery-caption\" itemprop=\"caption description\"> Les Enfants Du Design \/ Magazine de No\u00ebl 2020 <\/div> <\/div> <div class=\"tiled-gallery-item tiled-gallery-item-large\" itemprop=\"associatedMedia\" itemscope itemtype=\"http:\/\/schema.org\/ImageObject\"> <a href=\"http:\/\/www.sabine-serrad.fr\/?attachment_id=1370\" border=\"0\" itemprop=\"url\"> <meta itemprop=\"width\" content=\"396\"> <meta itemprop=\"height\" content=\"257\"> <img decoding=\"async\" class=\"\" data-attachment-id=\"1370\" data-orig-file=\"http:\/\/www.sabine-serrad.fr\/wp-content\/uploads\/2021\/01\/Magazine-Les-Enfants-du-Design-2020-1.jpg\" data-orig-size=\"1417,922\" data-comments-opened=\"\" data-image-meta=\"{&quot;aperture&quot;:&quot;0&quot;,&quot;credit&quot;:&quot;&quot;,&quot;camera&quot;:&quot;&quot;,&quot;caption&quot;:&quot;&quot;,&quot;created_timestamp&quot;:&quot;0&quot;,&quot;copyright&quot;:&quot;&quot;,&quot;focal_length&quot;:&quot;0&quot;,&quot;iso&quot;:&quot;0&quot;,&quot;shutter_speed&quot;:&quot;0&quot;,&quot;title&quot;:&quot;&quot;,&quot;orientation&quot;:&quot;1&quot;}\" data-image-title=\"Les Enfants Du Design \/ Magazine de No\u00ebl 2020\" data-image-description=\"\" data-medium-file=\"https:\/\/i0.wp.com\/www.sabine-serrad.fr\/wp-content\/uploads\/2021\/01\/Magazine-Les-Enfants-du-Design-2020-1.jpg?fit=600%2C390\" data-large-file=\"https:\/\/i0.wp.com\/www.sabine-serrad.fr\/wp-content\/uploads\/2021\/01\/Magazine-Les-Enfants-du-Design-2020-1.jpg?fit=1200%2C781\" src=\"https:\/\/i0.wp.com\/www.sabine-serrad.fr\/wp-content\/uploads\/2021\/01\/Magazine-Les-Enfants-du-Design-2020-1.jpg?w=396&#038;h=257\" srcset=\"https:\/\/i0.wp.com\/www.sabine-serrad.fr\/wp-content\/uploads\/2021\/01\/Magazine-Les-Enfants-du-Design-2020-1.jpg?w=1417 1417w, https:\/\/i0.wp.com\/www.sabine-serrad.fr\/wp-content\/uploads\/2021\/01\/Magazine-Les-Enfants-du-Design-2020-1.jpg?resize=600%2C390 600w, https:\/\/i0.wp.com\/www.sabine-serrad.fr\/wp-content\/uploads\/2021\/01\/Magazine-Les-Enfants-du-Design-2020-1.jpg?resize=768%2C500 768w, https:\/\/i0.wp.com\/www.sabine-serrad.fr\/wp-content\/uploads\/2021\/01\/Magazine-Les-Enfants-du-Design-2020-1.jpg?resize=1229%2C800 1229w\" width=\"396\" height=\"257\" loading=\"lazy\" data-original-width=\"396\" data-original-height=\"257\" itemprop=\"http:\/\/schema.org\/image\" title=\"Les Enfants Du Design \/ Magazine de No\u00ebl 2020\" alt=\"Les Enfants Du Design \/ Magazine de No\u00ebl 2020\" style=\"width: 396px; height: 257px;\" \/> <\/a> <div class=\"tiled-gallery-caption\" itemprop=\"caption description\"> Les Enfants Du Design \/ Magazine de No\u00ebl 2020 <\/div> <\/div> <\/div> <!-- close group --> <div class=\"gallery-group images-1\" style=\"width: 401px; height: 523px;\" data-original-width=\"401\" data-original-height=\"523\" > <div class=\"tiled-gallery-item tiled-gallery-item-large\" itemprop=\"associatedMedia\" itemscope itemtype=\"http:\/\/schema.org\/ImageObject\"> <a href=\"http:\/\/www.sabine-serrad.fr\/?attachment_id=1350\" border=\"0\" itemprop=\"url\"> <meta itemprop=\"width\" content=\"397\"> <meta itemprop=\"height\" content=\"519\"> <img decoding=\"async\" class=\"\" data-attachment-id=\"1350\" data-orig-file=\"http:\/\/www.sabine-serrad.fr\/wp-content\/uploads\/2021\/01\/Nathalie-Rives-Domodeco-Publication-Chateau-La-Gallee-Sabine-Serrad.jpg\" data-orig-size=\"760,992\" data-comments-opened=\"\" data-image-meta=\"{&quot;aperture&quot;:&quot;0&quot;,&quot;credit&quot;:&quot;&quot;,&quot;camera&quot;:&quot;&quot;,&quot;caption&quot;:&quot;&quot;,&quot;created_timestamp&quot;:&quot;0&quot;,&quot;copyright&quot;:&quot;&quot;,&quot;focal_length&quot;:&quot;0&quot;,&quot;iso&quot;:&quot;0&quot;,&quot;shutter_speed&quot;:&quot;0&quot;,&quot;title&quot;:&quot;&quot;,&quot;orientation&quot;:&quot;1&quot;}\" data-image-title=\"Publication DOMODECO\" data-image-description=\"\" data-medium-file=\"https:\/\/i0.wp.com\/www.sabine-serrad.fr\/wp-content\/uploads\/2021\/01\/Nathalie-Rives-Domodeco-Publication-Chateau-La-Gallee-Sabine-Serrad.jpg?fit=600%2C783\" data-large-file=\"https:\/\/i0.wp.com\/www.sabine-serrad.fr\/wp-content\/uploads\/2021\/01\/Nathalie-Rives-Domodeco-Publication-Chateau-La-Gallee-Sabine-Serrad.jpg?fit=760%2C992\" src=\"https:\/\/i0.wp.com\/www.sabine-serrad.fr\/wp-content\/uploads\/2021\/01\/Nathalie-Rives-Domodeco-Publication-Chateau-La-Gallee-Sabine-Serrad.jpg?w=397&#038;h=519\" srcset=\"https:\/\/i0.wp.com\/www.sabine-serrad.fr\/wp-content\/uploads\/2021\/01\/Nathalie-Rives-Domodeco-Publication-Chateau-La-Gallee-Sabine-Serrad.jpg?w=760 760w, https:\/\/i0.wp.com\/www.sabine-serrad.fr\/wp-content\/uploads\/2021\/01\/Nathalie-Rives-Domodeco-Publication-Chateau-La-Gallee-Sabine-Serrad.jpg?resize=600%2C783 600w\" width=\"397\" height=\"519\" loading=\"lazy\" data-original-width=\"397\" data-original-height=\"519\" itemprop=\"http:\/\/schema.org\/image\" title=\"Publication DOMODECO\" alt=\"Nathalie Rives \/ Ch\u00e2teau La Gall\u00e9e\" style=\"width: 397px; height: 519px;\" \/> <\/a> <div class=\"tiled-gallery-caption\" itemprop=\"caption description\"> Nathalie Rives \/ Ch\u00e2teau La Gall\u00e9e <\/div> <\/div> <\/div> <!-- close group --> <div class=\"gallery-group images-2\" style=\"width: 399px; height: 523px;\" data-original-width=\"399\" data-original-height=\"523\" > <div class=\"tiled-gallery-item tiled-gallery-item-large\" itemprop=\"associatedMedia\" itemscope itemtype=\"http:\/\/schema.org\/ImageObject\"> <a href=\"http:\/\/www.sabine-serrad.fr\/?attachment_id=1343\" border=\"0\" itemprop=\"url\"> <meta itemprop=\"width\" content=\"395\"> <meta itemprop=\"height\" content=\"258\"> <img decoding=\"async\" class=\"\" data-attachment-id=\"1343\" data-orig-file=\"http:\/\/www.sabine-serrad.fr\/wp-content\/uploads\/2021\/01\/Domodeco-Publication-Chateau-La-Gallee-Sabine-Serrad.jpg\" data-orig-size=\"1417,925\" data-comments-opened=\"\" data-image-meta=\"{&quot;aperture&quot;:&quot;0&quot;,&quot;credit&quot;:&quot;&quot;,&quot;camera&quot;:&quot;&quot;,&quot;caption&quot;:&quot;&quot;,&quot;created_timestamp&quot;:&quot;0&quot;,&quot;copyright&quot;:&quot;&quot;,&quot;focal_length&quot;:&quot;0&quot;,&quot;iso&quot;:&quot;0&quot;,&quot;shutter_speed&quot;:&quot;0&quot;,&quot;title&quot;:&quot;&quot;,&quot;orientation&quot;:&quot;1&quot;}\" data-image-title=\"Publication DOMODECO\" data-image-description=\"\" data-medium-file=\"https:\/\/i0.wp.com\/www.sabine-serrad.fr\/wp-content\/uploads\/2021\/01\/Domodeco-Publication-Chateau-La-Gallee-Sabine-Serrad.jpg?fit=600%2C392\" data-large-file=\"https:\/\/i0.wp.com\/www.sabine-serrad.fr\/wp-content\/uploads\/2021\/01\/Domodeco-Publication-Chateau-La-Gallee-Sabine-Serrad.jpg?fit=1200%2C783\" src=\"https:\/\/i0.wp.com\/www.sabine-serrad.fr\/wp-content\/uploads\/2021\/01\/Domodeco-Publication-Chateau-La-Gallee-Sabine-Serrad.jpg?w=395&#038;h=258\" srcset=\"https:\/\/i0.wp.com\/www.sabine-serrad.fr\/wp-content\/uploads\/2021\/01\/Domodeco-Publication-Chateau-La-Gallee-Sabine-Serrad.jpg?w=1417 1417w, https:\/\/i0.wp.com\/www.sabine-serrad.fr\/wp-content\/uploads\/2021\/01\/Domodeco-Publication-Chateau-La-Gallee-Sabine-Serrad.jpg?resize=600%2C392 600w, https:\/\/i0.wp.com\/www.sabine-serrad.fr\/wp-content\/uploads\/2021\/01\/Domodeco-Publication-Chateau-La-Gallee-Sabine-Serrad.jpg?resize=768%2C501 768w, https:\/\/i0.wp.com\/www.sabine-serrad.fr\/wp-content\/uploads\/2021\/01\/Domodeco-Publication-Chateau-La-Gallee-Sabine-Serrad.jpg?resize=1229%2C802 1229w\" width=\"395\" height=\"258\" loading=\"lazy\" data-original-width=\"395\" data-original-height=\"258\" itemprop=\"http:\/\/schema.org\/image\" title=\"Publication DOMODECO\" alt=\"Nathalie Rives \/ Ch\u00e2teau La Gall\u00e9e\" style=\"width: 395px; height: 258px;\" \/> <\/a> <div class=\"tiled-gallery-caption\" itemprop=\"caption description\"> Nathalie Rives \/ Ch\u00e2teau La Gall\u00e9e <\/div> <\/div> <div class=\"tiled-gallery-item tiled-gallery-item-large\" itemprop=\"associatedMedia\" itemscope itemtype=\"http:\/\/schema.org\/ImageObject\"> <a href=\"http:\/\/www.sabine-serrad.fr\/?attachment_id=1342\" border=\"0\" itemprop=\"url\"> <meta itemprop=\"width\" content=\"395\"> <meta itemprop=\"height\" content=\"257\"> <img decoding=\"async\" class=\"\" data-attachment-id=\"1342\" data-orig-file=\"http:\/\/www.sabine-serrad.fr\/wp-content\/uploads\/2021\/01\/Domodeco-Publication-Chateau-La-Gallee-Sabine-Serrad-2.jpg\" data-orig-size=\"1417,924\" data-comments-opened=\"\" data-image-meta=\"{&quot;aperture&quot;:&quot;0&quot;,&quot;credit&quot;:&quot;&quot;,&quot;camera&quot;:&quot;&quot;,&quot;caption&quot;:&quot;&quot;,&quot;created_timestamp&quot;:&quot;0&quot;,&quot;copyright&quot;:&quot;&quot;,&quot;focal_length&quot;:&quot;0&quot;,&quot;iso&quot;:&quot;0&quot;,&quot;shutter_speed&quot;:&quot;0&quot;,&quot;title&quot;:&quot;&quot;,&quot;orientation&quot;:&quot;1&quot;}\" data-image-title=\"Publication DOMODECO\" data-image-description=\"\" data-medium-file=\"https:\/\/i0.wp.com\/www.sabine-serrad.fr\/wp-content\/uploads\/2021\/01\/Domodeco-Publication-Chateau-La-Gallee-Sabine-Serrad-2.jpg?fit=600%2C391\" data-large-file=\"https:\/\/i0.wp.com\/www.sabine-serrad.fr\/wp-content\/uploads\/2021\/01\/Domodeco-Publication-Chateau-La-Gallee-Sabine-Serrad-2.jpg?fit=1200%2C782\" src=\"https:\/\/i0.wp.com\/www.sabine-serrad.fr\/wp-content\/uploads\/2021\/01\/Domodeco-Publication-Chateau-La-Gallee-Sabine-Serrad-2.jpg?w=395&#038;h=257\" srcset=\"https:\/\/i0.wp.com\/www.sabine-serrad.fr\/wp-content\/uploads\/2021\/01\/Domodeco-Publication-Chateau-La-Gallee-Sabine-Serrad-2.jpg?w=1417 1417w, https:\/\/i0.wp.com\/www.sabine-serrad.fr\/wp-content\/uploads\/2021\/01\/Domodeco-Publication-Chateau-La-Gallee-Sabine-Serrad-2.jpg?resize=600%2C391 600w, https:\/\/i0.wp.com\/www.sabine-serrad.fr\/wp-content\/uploads\/2021\/01\/Domodeco-Publication-Chateau-La-Gallee-Sabine-Serrad-2.jpg?resize=768%2C501 768w, https:\/\/i0.wp.com\/www.sabine-serrad.fr\/wp-content\/uploads\/2021\/01\/Domodeco-Publication-Chateau-La-Gallee-Sabine-Serrad-2.jpg?resize=1229%2C801 1229w\" width=\"395\" height=\"257\" loading=\"lazy\" data-original-width=\"395\" data-original-height=\"257\" itemprop=\"http:\/\/schema.org\/image\" title=\"Publication DOMODECO\" alt=\"Nathalie Rives \/ Ch\u00e2teau La Gall\u00e9e\" style=\"width: 395px; height: 257px;\" \/> <\/a> <div class=\"tiled-gallery-caption\" itemprop=\"caption description\"> Nathalie Rives \/ Ch\u00e2teau La Gall\u00e9e <\/div> <\/div> <\/div> <!-- close group --> <\/div> <!-- close row --> <div class=\"gallery-row\" style=\"width: 1200px; height: 278px;\" data-original-width=\"1200\" data-original-height=\"278\" > <div class=\"gallery-group images-1\" style=\"width: 193px; height: 278px;\" data-original-width=\"193\" data-original-height=\"278\" > <div class=\"tiled-gallery-item tiled-gallery-item-small\" itemprop=\"associatedMedia\" itemscope itemtype=\"http:\/\/schema.org\/ImageObject\"> <a href=\"http:\/\/www.sabine-serrad.fr\/?attachment_id=1095\" border=\"0\" itemprop=\"url\"> <meta itemprop=\"width\" content=\"189\"> <meta itemprop=\"height\" content=\"274\"> <img decoding=\"async\" class=\"\" data-attachment-id=\"1095\" data-orig-file=\"http:\/\/www.sabine-serrad.fr\/wp-content\/uploads\/2018\/05\/Architectures-A-Vivre-Mars-18.jpg\" data-orig-size=\"536,778\" data-comments-opened=\"\" data-image-meta=\"{&quot;aperture&quot;:&quot;0&quot;,&quot;credit&quot;:&quot;&quot;,&quot;camera&quot;:&quot;&quot;,&quot;caption&quot;:&quot;&quot;,&quot;created_timestamp&quot;:&quot;0&quot;,&quot;copyright&quot;:&quot;&quot;,&quot;focal_length&quot;:&quot;0&quot;,&quot;iso&quot;:&quot;0&quot;,&quot;shutter_speed&quot;:&quot;0&quot;,&quot;title&quot;:&quot;&quot;,&quot;orientation&quot;:&quot;1&quot;}\" data-image-title=\"Architectures A Vivre \/ Mars 2018\" data-image-description=\"&lt;p&gt;Architecture interieur Marion Lanoe&lt;\/p&gt; \" data-medium-file=\"https:\/\/i0.wp.com\/www.sabine-serrad.fr\/wp-content\/uploads\/2018\/05\/Architectures-A-Vivre-Mars-18.jpg?fit=536%2C778\" data-large-file=\"https:\/\/i0.wp.com\/www.sabine-serrad.fr\/wp-content\/uploads\/2018\/05\/Architectures-A-Vivre-Mars-18.jpg?fit=536%2C778\" src=\"https:\/\/i0.wp.com\/www.sabine-serrad.fr\/wp-content\/uploads\/2018\/05\/Architectures-A-Vivre-Mars-18.jpg?w=189&#038;h=274\" width=\"189\" height=\"274\" loading=\"lazy\" data-original-width=\"189\" data-original-height=\"274\" itemprop=\"http:\/\/schema.org\/image\" title=\"Architectures A Vivre \/ Mars 2018\" alt=\"Sabine Serrad\" style=\"width: 189px; height: 274px;\" \/> <\/a> <div class=\"tiled-gallery-caption\" itemprop=\"caption description\"> Sabine Serrad <\/div> <\/div> <\/div> <!-- close group --> <div class=\"gallery-group images-1\" style=\"width: 191px; height: 278px;\" data-original-width=\"191\" data-original-height=\"278\" > <div class=\"tiled-gallery-item tiled-gallery-item-small\" itemprop=\"associatedMedia\" itemscope itemtype=\"http:\/\/schema.org\/ImageObject\"> <a href=\"http:\/\/www.sabine-serrad.fr\/?attachment_id=1094\" border=\"0\" itemprop=\"url\"> <meta itemprop=\"width\" content=\"187\"> <meta itemprop=\"height\" content=\"274\"> <img decoding=\"async\" class=\"\" data-attachment-id=\"1094\" data-orig-file=\"http:\/\/www.sabine-serrad.fr\/wp-content\/uploads\/2018\/05\/Architectures-A-Vivre-Mars-18-3.jpg\" data-orig-size=\"534,781\" data-comments-opened=\"\" data-image-meta=\"{&quot;aperture&quot;:&quot;0&quot;,&quot;credit&quot;:&quot;&quot;,&quot;camera&quot;:&quot;&quot;,&quot;caption&quot;:&quot;&quot;,&quot;created_timestamp&quot;:&quot;0&quot;,&quot;copyright&quot;:&quot;&quot;,&quot;focal_length&quot;:&quot;0&quot;,&quot;iso&quot;:&quot;0&quot;,&quot;shutter_speed&quot;:&quot;0&quot;,&quot;title&quot;:&quot;&quot;,&quot;orientation&quot;:&quot;1&quot;}\" data-image-title=\"Architectures A Vivre Mars \/ 2018\" data-image-description=\"\" data-medium-file=\"https:\/\/i0.wp.com\/www.sabine-serrad.fr\/wp-content\/uploads\/2018\/05\/Architectures-A-Vivre-Mars-18-3.jpg?fit=534%2C781\" data-large-file=\"https:\/\/i0.wp.com\/www.sabine-serrad.fr\/wp-content\/uploads\/2018\/05\/Architectures-A-Vivre-Mars-18-3.jpg?fit=534%2C781\" src=\"https:\/\/i0.wp.com\/www.sabine-serrad.fr\/wp-content\/uploads\/2018\/05\/Architectures-A-Vivre-Mars-18-3.jpg?w=187&#038;h=274\" width=\"187\" height=\"274\" loading=\"lazy\" data-original-width=\"187\" data-original-height=\"274\" itemprop=\"http:\/\/schema.org\/image\" title=\"Architectures A Vivre Mars \/ 2018\" alt=\"Sabine Serrad\" style=\"width: 187px; height: 274px;\" \/> <\/a> <div class=\"tiled-gallery-caption\" itemprop=\"caption description\"> Sabine Serrad <\/div> <\/div> <\/div> <!-- close group --> <div class=\"gallery-group images-1\" style=\"width: 192px; height: 278px;\" data-original-width=\"192\" data-original-height=\"278\" > <div class=\"tiled-gallery-item tiled-gallery-item-small\" itemprop=\"associatedMedia\" itemscope itemtype=\"http:\/\/schema.org\/ImageObject\"> <a href=\"http:\/\/www.sabine-serrad.fr\/?attachment_id=1093\" border=\"0\" itemprop=\"url\"> <meta itemprop=\"width\" content=\"188\"> <meta itemprop=\"height\" content=\"274\"> <img decoding=\"async\" class=\"\" data-attachment-id=\"1093\" data-orig-file=\"http:\/\/www.sabine-serrad.fr\/wp-content\/uploads\/2018\/05\/Architectures-A-Vivre-Mars-18-2.jpg\" data-orig-size=\"537,781\" data-comments-opened=\"\" data-image-meta=\"{&quot;aperture&quot;:&quot;0&quot;,&quot;credit&quot;:&quot;&quot;,&quot;camera&quot;:&quot;&quot;,&quot;caption&quot;:&quot;&quot;,&quot;created_timestamp&quot;:&quot;0&quot;,&quot;copyright&quot;:&quot;&quot;,&quot;focal_length&quot;:&quot;0&quot;,&quot;iso&quot;:&quot;0&quot;,&quot;shutter_speed&quot;:&quot;0&quot;,&quot;title&quot;:&quot;&quot;,&quot;orientation&quot;:&quot;1&quot;}\" data-image-title=\"Architectures A Vivre \/ Mars 2018\" data-image-description=\"&lt;p&gt;Architecture interieur Marion Lanoe&lt;\/p&gt; \" data-medium-file=\"https:\/\/i0.wp.com\/www.sabine-serrad.fr\/wp-content\/uploads\/2018\/05\/Architectures-A-Vivre-Mars-18-2.jpg?fit=537%2C781\" data-large-file=\"https:\/\/i0.wp.com\/www.sabine-serrad.fr\/wp-content\/uploads\/2018\/05\/Architectures-A-Vivre-Mars-18-2.jpg?fit=537%2C781\" src=\"https:\/\/i0.wp.com\/www.sabine-serrad.fr\/wp-content\/uploads\/2018\/05\/Architectures-A-Vivre-Mars-18-2.jpg?w=188&#038;h=274\" width=\"188\" height=\"274\" loading=\"lazy\" data-original-width=\"188\" data-original-height=\"274\" itemprop=\"http:\/\/schema.org\/image\" title=\"Architectures A Vivre \/ Mars 2018\" alt=\"Sabine Serrad\" style=\"width: 188px; height: 274px;\" \/> <\/a> <div class=\"tiled-gallery-caption\" itemprop=\"caption description\"> Sabine Serrad <\/div> <\/div> <\/div> <!-- close group --> <div class=\"gallery-group images-1\" style=\"width: 219px; height: 278px;\" data-original-width=\"219\" data-original-height=\"278\" > <div class=\"tiled-gallery-item tiled-gallery-item-small\" itemprop=\"associatedMedia\" itemscope itemtype=\"http:\/\/schema.org\/ImageObject\"> <a href=\"http:\/\/www.sabine-serrad.fr\/?attachment_id=1102\" border=\"0\" itemprop=\"url\"> <meta itemprop=\"width\" content=\"215\"> <meta itemprop=\"height\" content=\"274\"> <img decoding=\"async\" class=\"\" data-attachment-id=\"1102\" data-orig-file=\"http:\/\/www.sabine-serrad.fr\/wp-content\/uploads\/2018\/05\/Nathalie-Rives-AD-Collector-Sabine-Serrad.png\" data-orig-size=\"488,622\" data-comments-opened=\"\" data-image-meta=\"{&quot;aperture&quot;:&quot;0&quot;,&quot;credit&quot;:&quot;&quot;,&quot;camera&quot;:&quot;&quot;,&quot;caption&quot;:&quot;&quot;,&quot;created_timestamp&quot;:&quot;0&quot;,&quot;copyright&quot;:&quot;&quot;,&quot;focal_length&quot;:&quot;0&quot;,&quot;iso&quot;:&quot;0&quot;,&quot;shutter_speed&quot;:&quot;0&quot;,&quot;title&quot;:&quot;&quot;,&quot;orientation&quot;:&quot;0&quot;}\" data-image-title=\"AD Collector \/ Nathalie Rives\" data-image-description=\"&lt;p&gt;Ch\u00e2teau La Gall\u00e9e&lt;\/p&gt; \" data-medium-file=\"https:\/\/i0.wp.com\/www.sabine-serrad.fr\/wp-content\/uploads\/2018\/05\/Nathalie-Rives-AD-Collector-Sabine-Serrad.png?fit=488%2C622\" data-large-file=\"https:\/\/i0.wp.com\/www.sabine-serrad.fr\/wp-content\/uploads\/2018\/05\/Nathalie-Rives-AD-Collector-Sabine-Serrad.png?fit=488%2C622\" src=\"https:\/\/i0.wp.com\/www.sabine-serrad.fr\/wp-content\/uploads\/2018\/05\/Nathalie-Rives-AD-Collector-Sabine-Serrad.png?w=215&#038;h=274\" width=\"215\" height=\"274\" loading=\"lazy\" data-original-width=\"215\" data-original-height=\"274\" itemprop=\"http:\/\/schema.org\/image\" title=\"AD Collector \/ Nathalie Rives\" alt=\"Sabine Serrad\" style=\"width: 215px; height: 274px;\" \/> <\/a> <div class=\"tiled-gallery-caption\" itemprop=\"caption description\"> Sabine Serrad <\/div> <\/div> <\/div> <!-- close group --> <div class=\"gallery-group images-1\" style=\"width: 405px; height: 278px;\" data-original-width=\"405\" data-original-height=\"278\" > <div class=\"tiled-gallery-item tiled-gallery-item-large\" itemprop=\"associatedMedia\" itemscope itemtype=\"http:\/\/schema.org\/ImageObject\"> <a href=\"http:\/\/www.sabine-serrad.fr\/?attachment_id=1222\" border=\"0\" itemprop=\"url\"> <meta itemprop=\"width\" content=\"401\"> <meta itemprop=\"height\" content=\"274\"> <img decoding=\"async\" class=\"\" data-attachment-id=\"1222\" data-orig-file=\"http:\/\/www.sabine-serrad.fr\/wp-content\/uploads\/2020\/05\/Maison-et-Travaux-2020-Publication3-Sabine-Serrad.jpg\" data-orig-size=\"1247,850\" data-comments-opened=\"\" data-image-meta=\"{&quot;aperture&quot;:&quot;0&quot;,&quot;credit&quot;:&quot;WETV | 2020&quot;,&quot;camera&quot;:&quot;&quot;,&quot;caption&quot;:&quot;&quot;,&quot;created_timestamp&quot;:&quot;0&quot;,&quot;copyright&quot;:&quot;&quot;,&quot;focal_length&quot;:&quot;0&quot;,&quot;iso&quot;:&quot;0&quot;,&quot;shutter_speed&quot;:&quot;0&quot;,&quot;title&quot;:&quot;&quot;,&quot;orientation&quot;:&quot;1&quot;}\" data-image-title=\"Maison et Travaux Publication\" data-image-description=\"&lt;p&gt;Reportage&lt;br \/&gt; R\u00e9am\u00e9nagement pour Heureux \u00e9v\u00e9nement&lt;br \/&gt; Avec Skeadesigner&lt;\/p&gt; \" data-medium-file=\"https:\/\/i0.wp.com\/www.sabine-serrad.fr\/wp-content\/uploads\/2020\/05\/Maison-et-Travaux-2020-Publication3-Sabine-Serrad.jpg?fit=600%2C409\" data-large-file=\"https:\/\/i0.wp.com\/www.sabine-serrad.fr\/wp-content\/uploads\/2020\/05\/Maison-et-Travaux-2020-Publication3-Sabine-Serrad.jpg?fit=1200%2C818\" src=\"https:\/\/i0.wp.com\/www.sabine-serrad.fr\/wp-content\/uploads\/2020\/05\/Maison-et-Travaux-2020-Publication3-Sabine-Serrad.jpg?w=401&#038;h=274\" srcset=\"https:\/\/i0.wp.com\/www.sabine-serrad.fr\/wp-content\/uploads\/2020\/05\/Maison-et-Travaux-2020-Publication3-Sabine-Serrad.jpg?w=1247 1247w, https:\/\/i0.wp.com\/www.sabine-serrad.fr\/wp-content\/uploads\/2020\/05\/Maison-et-Travaux-2020-Publication3-Sabine-Serrad.jpg?resize=600%2C409 600w, https:\/\/i0.wp.com\/www.sabine-serrad.fr\/wp-content\/uploads\/2020\/05\/Maison-et-Travaux-2020-Publication3-Sabine-Serrad.jpg?resize=768%2C523 768w, https:\/\/i0.wp.com\/www.sabine-serrad.fr\/wp-content\/uploads\/2020\/05\/Maison-et-Travaux-2020-Publication3-Sabine-Serrad.jpg?resize=1229%2C838 1229w\" width=\"401\" height=\"274\" loading=\"lazy\" data-original-width=\"401\" data-original-height=\"274\" itemprop=\"http:\/\/schema.org\/image\" title=\"Maison et Travaux Publication\" alt=\"Sabine Serrad Photographe\" style=\"width: 401px; height: 274px;\" \/> <\/a> <div class=\"tiled-gallery-caption\" itemprop=\"caption description\"> Sabine Serrad Photographe <\/div> <\/div> <\/div> <!-- close group --> <\/div> <!-- close row --> <div class=\"gallery-row\" style=\"width: 1200px; height: 799px;\" data-original-width=\"1200\" data-original-height=\"799\" > <div class=\"gallery-group images-1\" style=\"width: 586px; height: 799px;\" data-original-width=\"586\" data-original-height=\"799\" > <div class=\"tiled-gallery-item tiled-gallery-item-large\" itemprop=\"associatedMedia\" itemscope itemtype=\"http:\/\/schema.org\/ImageObject\"> <a href=\"http:\/\/www.sabine-serrad.fr\/?attachment_id=1218\" border=\"0\" itemprop=\"url\"> <meta itemprop=\"width\" content=\"582\"> <meta itemprop=\"height\" content=\"795\"> <img decoding=\"async\" class=\"\" data-attachment-id=\"1218\" data-orig-file=\"http:\/\/www.sabine-serrad.fr\/wp-content\/uploads\/2020\/05\/Maison-et-Travaux-2020-Publication-Sabine-Serrad.jpg\" data-orig-size=\"622,850\" data-comments-opened=\"\" data-image-meta=\"{&quot;aperture&quot;:&quot;0&quot;,&quot;credit&quot;:&quot;&quot;,&quot;camera&quot;:&quot;&quot;,&quot;caption&quot;:&quot;&quot;,&quot;created_timestamp&quot;:&quot;0&quot;,&quot;copyright&quot;:&quot;&quot;,&quot;focal_length&quot;:&quot;0&quot;,&quot;iso&quot;:&quot;0&quot;,&quot;shutter_speed&quot;:&quot;0&quot;,&quot;title&quot;:&quot;MT_308_BAT_v5_B.indd&quot;,&quot;orientation&quot;:&quot;1&quot;}\" data-image-title=\"Maison et Travaux\" data-image-description=\"&lt;p&gt;Reportage&lt;br \/&gt; R\u00e9am\u00e9nagement pour Heureux \u00e9v\u00e9nement&lt;br \/&gt; Avec Skeadesigner&lt;\/p&gt; \" data-medium-file=\"https:\/\/i0.wp.com\/www.sabine-serrad.fr\/wp-content\/uploads\/2020\/05\/Maison-et-Travaux-2020-Publication-Sabine-Serrad.jpg?fit=600%2C820\" data-large-file=\"https:\/\/i0.wp.com\/www.sabine-serrad.fr\/wp-content\/uploads\/2020\/05\/Maison-et-Travaux-2020-Publication-Sabine-Serrad.jpg?fit=622%2C850\" src=\"https:\/\/i0.wp.com\/www.sabine-serrad.fr\/wp-content\/uploads\/2020\/05\/Maison-et-Travaux-2020-Publication-Sabine-Serrad.jpg?w=582&#038;h=795\" srcset=\"https:\/\/i0.wp.com\/www.sabine-serrad.fr\/wp-content\/uploads\/2020\/05\/Maison-et-Travaux-2020-Publication-Sabine-Serrad.jpg?w=622 622w, https:\/\/i0.wp.com\/www.sabine-serrad.fr\/wp-content\/uploads\/2020\/05\/Maison-et-Travaux-2020-Publication-Sabine-Serrad.jpg?resize=600%2C820 600w\" width=\"582\" height=\"795\" loading=\"lazy\" data-original-width=\"582\" data-original-height=\"795\" itemprop=\"http:\/\/schema.org\/image\" title=\"Maison et Travaux\" alt=\"Sabine Serrad Photographe\" style=\"width: 582px; height: 795px;\" \/> <\/a> <div class=\"tiled-gallery-caption\" itemprop=\"caption description\"> Sabine Serrad Photographe <\/div> <\/div> <\/div> <!-- close group --> <div class=\"gallery-group images-1\" style=\"width: 614px; height: 799px;\" data-original-width=\"614\" data-original-height=\"799\" > <div class=\"tiled-gallery-item tiled-gallery-item-large\" itemprop=\"associatedMedia\" itemscope itemtype=\"http:\/\/schema.org\/ImageObject\"> <a href=\"http:\/\/www.sabine-serrad.fr\/?attachment_id=1223\" border=\"0\" itemprop=\"url\"> <meta itemprop=\"width\" content=\"610\"> <meta itemprop=\"height\" content=\"795\"> <img decoding=\"async\" class=\"\" data-attachment-id=\"1223\" data-orig-file=\"http:\/\/www.sabine-serrad.fr\/wp-content\/uploads\/2020\/05\/Domodeco-Publication3-Sabine-Serrad.jpg\" data-orig-size=\"652,850\" data-comments-opened=\"\" data-image-meta=\"{&quot;aperture&quot;:&quot;0&quot;,&quot;credit&quot;:&quot;&quot;,&quot;camera&quot;:&quot;&quot;,&quot;caption&quot;:&quot;&quot;,&quot;created_timestamp&quot;:&quot;0&quot;,&quot;copyright&quot;:&quot;&quot;,&quot;focal_length&quot;:&quot;0&quot;,&quot;iso&quot;:&quot;0&quot;,&quot;shutter_speed&quot;:&quot;0&quot;,&quot;title&quot;:&quot;&quot;,&quot;orientation&quot;:&quot;1&quot;}\" data-image-title=\"Domodeco Publication\" data-image-description=\"&lt;p&gt;Vision Double&lt;br \/&gt; Mira Flores et Yka&lt;br \/&gt; Agence Damien Carreres&lt;\/p&gt; \" data-medium-file=\"https:\/\/i0.wp.com\/www.sabine-serrad.fr\/wp-content\/uploads\/2020\/05\/Domodeco-Publication3-Sabine-Serrad.jpg?fit=600%2C782\" data-large-file=\"https:\/\/i0.wp.com\/www.sabine-serrad.fr\/wp-content\/uploads\/2020\/05\/Domodeco-Publication3-Sabine-Serrad.jpg?fit=652%2C850\" src=\"https:\/\/i0.wp.com\/www.sabine-serrad.fr\/wp-content\/uploads\/2020\/05\/Domodeco-Publication3-Sabine-Serrad.jpg?w=610&#038;h=795\" srcset=\"https:\/\/i0.wp.com\/www.sabine-serrad.fr\/wp-content\/uploads\/2020\/05\/Domodeco-Publication3-Sabine-Serrad.jpg?w=652 652w, https:\/\/i0.wp.com\/www.sabine-serrad.fr\/wp-content\/uploads\/2020\/05\/Domodeco-Publication3-Sabine-Serrad.jpg?resize=600%2C782 600w\" width=\"610\" height=\"795\" loading=\"lazy\" data-original-width=\"610\" data-original-height=\"795\" itemprop=\"http:\/\/schema.org\/image\" title=\"Domodeco Publication\" alt=\"Sabine Serrad Photographe\" style=\"width: 610px; height: 795px;\" \/> <\/a> <div class=\"tiled-gallery-caption\" itemprop=\"caption description\"> Sabine Serrad Photographe <\/div> <\/div> <\/div> <!-- close group --> <\/div> <!-- close row --> <div class=\"gallery-row\" style=\"width: 1200px; height: 391px;\" data-original-width=\"1200\" data-original-height=\"391\" > <div class=\"gallery-group images-1\" style=\"width: 597px; height: 391px;\" data-original-width=\"597\" data-original-height=\"391\" > <div class=\"tiled-gallery-item tiled-gallery-item-large\" itemprop=\"associatedMedia\" itemscope itemtype=\"http:\/\/schema.org\/ImageObject\"> <a href=\"http:\/\/www.sabine-serrad.fr\/?attachment_id=1221\" border=\"0\" itemprop=\"url\"> <meta itemprop=\"width\" content=\"593\"> <meta itemprop=\"height\" content=\"387\"> <img decoding=\"async\" class=\"\" data-attachment-id=\"1221\" data-orig-file=\"http:\/\/www.sabine-serrad.fr\/wp-content\/uploads\/2020\/05\/Domodeco-Publication4-Sabine-Serrad.jpg\" data-orig-size=\"850,555\" data-comments-opened=\"\" data-image-meta=\"{&quot;aperture&quot;:&quot;0&quot;,&quot;credit&quot;:&quot;&quot;,&quot;camera&quot;:&quot;&quot;,&quot;caption&quot;:&quot;&quot;,&quot;created_timestamp&quot;:&quot;0&quot;,&quot;copyright&quot;:&quot;&quot;,&quot;focal_length&quot;:&quot;0&quot;,&quot;iso&quot;:&quot;0&quot;,&quot;shutter_speed&quot;:&quot;0&quot;,&quot;title&quot;:&quot;&quot;,&quot;orientation&quot;:&quot;1&quot;}\" data-image-title=\"Domodeco Publication\" data-image-description=\"&lt;p&gt;Vision Double&lt;br \/&gt; Mira Flores et Yka&lt;br \/&gt; Agence Damien Carreres&lt;\/p&gt; \" data-medium-file=\"https:\/\/i0.wp.com\/www.sabine-serrad.fr\/wp-content\/uploads\/2020\/05\/Domodeco-Publication4-Sabine-Serrad.jpg?fit=600%2C392\" data-large-file=\"https:\/\/i0.wp.com\/www.sabine-serrad.fr\/wp-content\/uploads\/2020\/05\/Domodeco-Publication4-Sabine-Serrad.jpg?fit=850%2C555\" src=\"https:\/\/i0.wp.com\/www.sabine-serrad.fr\/wp-content\/uploads\/2020\/05\/Domodeco-Publication4-Sabine-Serrad.jpg?w=593&#038;h=387\" srcset=\"https:\/\/i0.wp.com\/www.sabine-serrad.fr\/wp-content\/uploads\/2020\/05\/Domodeco-Publication4-Sabine-Serrad.jpg?w=850 850w, https:\/\/i0.wp.com\/www.sabine-serrad.fr\/wp-content\/uploads\/2020\/05\/Domodeco-Publication4-Sabine-Serrad.jpg?resize=600%2C392 600w, https:\/\/i0.wp.com\/www.sabine-serrad.fr\/wp-content\/uploads\/2020\/05\/Domodeco-Publication4-Sabine-Serrad.jpg?resize=768%2C501 768w\" width=\"593\" height=\"387\" loading=\"lazy\" data-original-width=\"593\" data-original-height=\"387\" itemprop=\"http:\/\/schema.org\/image\" title=\"Domodeco Publication\" alt=\"Sabine Serrad Photographe\" style=\"width: 593px; height: 387px;\" \/> <\/a> <div class=\"tiled-gallery-caption\" itemprop=\"caption description\"> Sabine Serrad Photographe <\/div> <\/div> <\/div> <!-- close group --> <div class=\"gallery-group images-1\" style=\"width: 303px; height: 391px;\" data-original-width=\"303\" data-original-height=\"391\" > <div class=\"tiled-gallery-item tiled-gallery-item-large\" itemprop=\"associatedMedia\" itemscope itemtype=\"http:\/\/schema.org\/ImageObject\"> <a href=\"http:\/\/www.sabine-serrad.fr\/?attachment_id=1216\" border=\"0\" itemprop=\"url\"> <meta itemprop=\"width\" content=\"299\"> <meta itemprop=\"height\" content=\"387\"> <img decoding=\"async\" class=\"\" data-attachment-id=\"1216\" data-orig-file=\"http:\/\/www.sabine-serrad.fr\/wp-content\/uploads\/2020\/05\/ELLE-Decoration-Pubication-Sabine-Serrad.jpg\" data-orig-size=\"655,850\" data-comments-opened=\"\" data-image-meta=\"{&quot;aperture&quot;:&quot;0&quot;,&quot;credit&quot;:&quot;&quot;,&quot;camera&quot;:&quot;&quot;,&quot;caption&quot;:&quot;&quot;,&quot;created_timestamp&quot;:&quot;0&quot;,&quot;copyright&quot;:&quot;&quot;,&quot;focal_length&quot;:&quot;0&quot;,&quot;iso&quot;:&quot;0&quot;,&quot;shutter_speed&quot;:&quot;0&quot;,&quot;title&quot;:&quot;&quot;,&quot;orientation&quot;:&quot;1&quot;}\" data-image-title=\"ELLE Decoration Pubication\" data-image-description=\"&lt;p&gt;Publication La Tour Rose&lt;br \/&gt; Mihotel&lt;\/p&gt; \" data-medium-file=\"https:\/\/i0.wp.com\/www.sabine-serrad.fr\/wp-content\/uploads\/2020\/05\/ELLE-Decoration-Pubication-Sabine-Serrad.jpg?fit=600%2C779\" data-large-file=\"https:\/\/i0.wp.com\/www.sabine-serrad.fr\/wp-content\/uploads\/2020\/05\/ELLE-Decoration-Pubication-Sabine-Serrad.jpg?fit=655%2C850\" src=\"https:\/\/i0.wp.com\/www.sabine-serrad.fr\/wp-content\/uploads\/2020\/05\/ELLE-Decoration-Pubication-Sabine-Serrad.jpg?w=299&#038;h=387\" srcset=\"https:\/\/i0.wp.com\/www.sabine-serrad.fr\/wp-content\/uploads\/2020\/05\/ELLE-Decoration-Pubication-Sabine-Serrad.jpg?w=655 655w, https:\/\/i0.wp.com\/www.sabine-serrad.fr\/wp-content\/uploads\/2020\/05\/ELLE-Decoration-Pubication-Sabine-Serrad.jpg?resize=600%2C779 600w\" width=\"299\" height=\"387\" loading=\"lazy\" data-original-width=\"299\" data-original-height=\"387\" itemprop=\"http:\/\/schema.org\/image\" title=\"ELLE Decoration Pubication\" alt=\"Sabine Serrad Photographe\" style=\"width: 299px; height: 387px;\" \/> <\/a> <div class=\"tiled-gallery-caption\" itemprop=\"caption description\"> Sabine Serrad Photographe <\/div> <\/div> <\/div> <!-- close group --> <div class=\"gallery-group images-1\" style=\"width: 300px; height: 391px;\" data-original-width=\"300\" data-original-height=\"391\" > <div class=\"tiled-gallery-item tiled-gallery-item-large\" itemprop=\"associatedMedia\" itemscope itemtype=\"http:\/\/schema.org\/ImageObject\"> <a href=\"http:\/\/www.sabine-serrad.fr\/?attachment_id=1219\" border=\"0\" itemprop=\"url\"> <meta itemprop=\"width\" content=\"296\"> <meta itemprop=\"height\" content=\"387\"> <img decoding=\"async\" class=\"\" data-attachment-id=\"1219\" data-orig-file=\"http:\/\/www.sabine-serrad.fr\/wp-content\/uploads\/2020\/05\/Domodeco-Publication-Sabine-Serrad.jpg\" data-orig-size=\"650,850\" data-comments-opened=\"\" data-image-meta=\"{&quot;aperture&quot;:&quot;0&quot;,&quot;credit&quot;:&quot;&quot;,&quot;camera&quot;:&quot;&quot;,&quot;caption&quot;:&quot;&quot;,&quot;created_timestamp&quot;:&quot;0&quot;,&quot;copyright&quot;:&quot;&quot;,&quot;focal_length&quot;:&quot;0&quot;,&quot;iso&quot;:&quot;0&quot;,&quot;shutter_speed&quot;:&quot;0&quot;,&quot;title&quot;:&quot;&quot;,&quot;orientation&quot;:&quot;1&quot;}\" data-image-title=\"Domodeco Publication\" data-image-description=\"&lt;p&gt;Mihotel Tour Rose&lt;br \/&gt; Agence Nathalie Rives&lt;\/p&gt; \" data-medium-file=\"https:\/\/i0.wp.com\/www.sabine-serrad.fr\/wp-content\/uploads\/2020\/05\/Domodeco-Publication-Sabine-Serrad.jpg?fit=600%2C785\" data-large-file=\"https:\/\/i0.wp.com\/www.sabine-serrad.fr\/wp-content\/uploads\/2020\/05\/Domodeco-Publication-Sabine-Serrad.jpg?fit=650%2C850\" src=\"https:\/\/i0.wp.com\/www.sabine-serrad.fr\/wp-content\/uploads\/2020\/05\/Domodeco-Publication-Sabine-Serrad.jpg?w=296&#038;h=387\" srcset=\"https:\/\/i0.wp.com\/www.sabine-serrad.fr\/wp-content\/uploads\/2020\/05\/Domodeco-Publication-Sabine-Serrad.jpg?w=650 650w, https:\/\/i0.wp.com\/www.sabine-serrad.fr\/wp-content\/uploads\/2020\/05\/Domodeco-Publication-Sabine-Serrad.jpg?resize=600%2C785 600w\" width=\"296\" height=\"387\" loading=\"lazy\" data-original-width=\"296\" data-original-height=\"387\" itemprop=\"http:\/\/schema.org\/image\" title=\"Domodeco Publication\" alt=\"Sabine Serrad Photograhe\" style=\"width: 296px; height: 387px;\" \/> <\/a> <div class=\"tiled-gallery-caption\" itemprop=\"caption description\"> Sabine Serrad Photograhe <\/div> <\/div> <\/div> <!-- close group --> <\/div> <!-- close row --> <div class=\"gallery-row\" style=\"width: 1200px; height: 605px;\" data-original-width=\"1200\" data-original-height=\"605\" > <div class=\"gallery-group images-1\" style=\"width: 739px; height: 605px;\" data-original-width=\"739\" data-original-height=\"605\" > <div class=\"tiled-gallery-item tiled-gallery-item-large\" itemprop=\"associatedMedia\" itemscope itemtype=\"http:\/\/schema.org\/ImageObject\"> <a href=\"http:\/\/www.sabine-serrad.fr\/?attachment_id=1246\" border=\"0\" itemprop=\"url\"> <meta itemprop=\"width\" content=\"735\"> <meta itemprop=\"height\" content=\"601\"> <img decoding=\"async\" class=\"\" data-attachment-id=\"1246\" data-orig-file=\"http:\/\/www.sabine-serrad.fr\/wp-content\/uploads\/2020\/05\/Co\u0302te\u0301-Maison-Dyade-Atelier.png\" data-orig-size=\"850,695\" data-comments-opened=\"\" data-image-meta=\"{&quot;aperture&quot;:&quot;0&quot;,&quot;credit&quot;:&quot;&quot;,&quot;camera&quot;:&quot;&quot;,&quot;caption&quot;:&quot;&quot;,&quot;created_timestamp&quot;:&quot;0&quot;,&quot;copyright&quot;:&quot;&quot;,&quot;focal_length&quot;:&quot;0&quot;,&quot;iso&quot;:&quot;0&quot;,&quot;shutter_speed&quot;:&quot;0&quot;,&quot;title&quot;:&quot;&quot;,&quot;orientation&quot;:&quot;0&quot;}\" data-image-title=\"Co\u0302te\u0301 Maison #Dyade Atelier\" data-image-description=\"&lt;p&gt;https:\/\/www.cotemaison.fr\/maison-famille\/un-sejour-transforme-avec-une-suite-parentale-dans-une-maison-lyonnaise_32515.html&lt;\/p&gt; \" data-medium-file=\"https:\/\/i0.wp.com\/www.sabine-serrad.fr\/wp-content\/uploads\/2020\/05\/Co\u0302te\u0301-Maison-Dyade-Atelier.png?fit=600%2C491\" data-large-file=\"https:\/\/i0.wp.com\/www.sabine-serrad.fr\/wp-content\/uploads\/2020\/05\/Co\u0302te\u0301-Maison-Dyade-Atelier.png?fit=850%2C695\" src=\"https:\/\/i0.wp.com\/www.sabine-serrad.fr\/wp-content\/uploads\/2020\/05\/Co\u0302te\u0301-Maison-Dyade-Atelier.png?w=735&#038;h=601\" srcset=\"https:\/\/i0.wp.com\/www.sabine-serrad.fr\/wp-content\/uploads\/2020\/05\/Co\u0302te\u0301-Maison-Dyade-Atelier.png?w=850 850w, https:\/\/i0.wp.com\/www.sabine-serrad.fr\/wp-content\/uploads\/2020\/05\/Co\u0302te\u0301-Maison-Dyade-Atelier.png?resize=600%2C491 600w, https:\/\/i0.wp.com\/www.sabine-serrad.fr\/wp-content\/uploads\/2020\/05\/Co\u0302te\u0301-Maison-Dyade-Atelier.png?resize=768%2C628 768w\" width=\"735\" height=\"601\" loading=\"lazy\" data-original-width=\"735\" data-original-height=\"601\" itemprop=\"http:\/\/schema.org\/image\" title=\"Co\u0302te\u0301 Maison #Dyade Atelier\" alt=\"Un s\u00e9jour transform\u00e9 en suite parentale\" style=\"width: 735px; height: 601px;\" \/> <\/a> <div class=\"tiled-gallery-caption\" itemprop=\"caption description\"> Un s\u00e9jour transform\u00e9 en suite parentale <\/div> <\/div> <\/div> <!-- close group --> <div class=\"gallery-group images-2\" style=\"width: 461px; height: 605px;\" data-original-width=\"461\" data-original-height=\"605\" > <div class=\"tiled-gallery-item tiled-gallery-item-large\" itemprop=\"associatedMedia\" itemscope itemtype=\"http:\/\/schema.org\/ImageObject\"> <a href=\"http:\/\/www.sabine-serrad.fr\/?attachment_id=1220\" border=\"0\" itemprop=\"url\"> <meta itemprop=\"width\" content=\"457\"> <meta itemprop=\"height\" content=\"299\"> <img decoding=\"async\" class=\"\" data-attachment-id=\"1220\" data-orig-file=\"http:\/\/www.sabine-serrad.fr\/wp-content\/uploads\/2020\/05\/Domodeco-Publication2-Sabine-Serrad.jpg\" data-orig-size=\"850,555\" data-comments-opened=\"\" data-image-meta=\"{&quot;aperture&quot;:&quot;0&quot;,&quot;credit&quot;:&quot;&quot;,&quot;camera&quot;:&quot;&quot;,&quot;caption&quot;:&quot;&quot;,&quot;created_timestamp&quot;:&quot;0&quot;,&quot;copyright&quot;:&quot;&quot;,&quot;focal_length&quot;:&quot;0&quot;,&quot;iso&quot;:&quot;0&quot;,&quot;shutter_speed&quot;:&quot;0&quot;,&quot;title&quot;:&quot;&quot;,&quot;orientation&quot;:&quot;1&quot;}\" data-image-title=\"DomodecoPublication\" data-image-description=\"&lt;p&gt;Mihotel Tour Rose&lt;br \/&gt; Agence Nathalie Rives&lt;\/p&gt; \" data-medium-file=\"https:\/\/i0.wp.com\/www.sabine-serrad.fr\/wp-content\/uploads\/2020\/05\/Domodeco-Publication2-Sabine-Serrad.jpg?fit=600%2C392\" data-large-file=\"https:\/\/i0.wp.com\/www.sabine-serrad.fr\/wp-content\/uploads\/2020\/05\/Domodeco-Publication2-Sabine-Serrad.jpg?fit=850%2C555\" src=\"https:\/\/i0.wp.com\/www.sabine-serrad.fr\/wp-content\/uploads\/2020\/05\/Domodeco-Publication2-Sabine-Serrad.jpg?w=457&#038;h=299\" srcset=\"https:\/\/i0.wp.com\/www.sabine-serrad.fr\/wp-content\/uploads\/2020\/05\/Domodeco-Publication2-Sabine-Serrad.jpg?w=850 850w, https:\/\/i0.wp.com\/www.sabine-serrad.fr\/wp-content\/uploads\/2020\/05\/Domodeco-Publication2-Sabine-Serrad.jpg?resize=600%2C392 600w, https:\/\/i0.wp.com\/www.sabine-serrad.fr\/wp-content\/uploads\/2020\/05\/Domodeco-Publication2-Sabine-Serrad.jpg?resize=768%2C501 768w\" width=\"457\" height=\"299\" loading=\"lazy\" data-original-width=\"457\" data-original-height=\"299\" itemprop=\"http:\/\/schema.org\/image\" title=\"DomodecoPublication\" alt=\"Sabine Serrad Photographe\" style=\"width: 457px; height: 299px;\" \/> <\/a> <div class=\"tiled-gallery-caption\" itemprop=\"caption description\"> Sabine Serrad Photographe <\/div> <\/div> <div class=\"tiled-gallery-item tiled-gallery-item-large\" itemprop=\"associatedMedia\" itemscope itemtype=\"http:\/\/schema.org\/ImageObject\"> <a href=\"http:\/\/www.sabine-serrad.fr\/?attachment_id=1139\" border=\"0\" itemprop=\"url\"> <meta itemprop=\"width\" content=\"457\"> <meta itemprop=\"height\" content=\"298\"> <img decoding=\"async\" class=\"\" data-attachment-id=\"1139\" data-orig-file=\"http:\/\/www.sabine-serrad.fr\/wp-content\/uploads\/2019\/09\/Domodeco-N90-Sabine-Serrad-Damien-Carrerres-5.png\" data-orig-size=\"1474,962\" data-comments-opened=\"\" data-image-meta=\"{&quot;aperture&quot;:&quot;0&quot;,&quot;credit&quot;:&quot;&quot;,&quot;camera&quot;:&quot;&quot;,&quot;caption&quot;:&quot;&quot;,&quot;created_timestamp&quot;:&quot;0&quot;,&quot;copyright&quot;:&quot;&quot;,&quot;focal_length&quot;:&quot;0&quot;,&quot;iso&quot;:&quot;0&quot;,&quot;shutter_speed&quot;:&quot;0&quot;,&quot;title&quot;:&quot;&quot;,&quot;orientation&quot;:&quot;0&quot;}\" data-image-title=\"Publication Domod\u00e9co num\u00e9ro 90\" data-image-description=\"&lt;p&gt;Reportage architecture int\u00e9rieur et D\u00e9coration&lt;br \/&gt; Agence Damien Carreres&lt;\/p&gt; \" data-medium-file=\"https:\/\/i0.wp.com\/www.sabine-serrad.fr\/wp-content\/uploads\/2019\/09\/Domodeco-N90-Sabine-Serrad-Damien-Carrerres-5.png?fit=600%2C392\" data-large-file=\"https:\/\/i0.wp.com\/www.sabine-serrad.fr\/wp-content\/uploads\/2019\/09\/Domodeco-N90-Sabine-Serrad-Damien-Carrerres-5.png?fit=1200%2C783\" src=\"https:\/\/i0.wp.com\/www.sabine-serrad.fr\/wp-content\/uploads\/2019\/09\/Domodeco-N90-Sabine-Serrad-Damien-Carrerres-5.png?w=457&#038;h=298\" srcset=\"https:\/\/i0.wp.com\/www.sabine-serrad.fr\/wp-content\/uploads\/2019\/09\/Domodeco-N90-Sabine-Serrad-Damien-Carrerres-5.png?w=1474 1474w, https:\/\/i0.wp.com\/www.sabine-serrad.fr\/wp-content\/uploads\/2019\/09\/Domodeco-N90-Sabine-Serrad-Damien-Carrerres-5.png?resize=600%2C392 600w, https:\/\/i0.wp.com\/www.sabine-serrad.fr\/wp-content\/uploads\/2019\/09\/Domodeco-N90-Sabine-Serrad-Damien-Carrerres-5.png?resize=768%2C501 768w, https:\/\/i0.wp.com\/www.sabine-serrad.fr\/wp-content\/uploads\/2019\/09\/Domodeco-N90-Sabine-Serrad-Damien-Carrerres-5.png?resize=1229%2C802 1229w\" width=\"457\" height=\"298\" loading=\"lazy\" data-original-width=\"457\" data-original-height=\"298\" itemprop=\"http:\/\/schema.org\/image\" title=\"Publication Domod\u00e9co num\u00e9ro 90\" alt=\"Photographe Sabine Serrad\" style=\"width: 457px; height: 298px;\" \/> <\/a> <div class=\"tiled-gallery-caption\" itemprop=\"caption description\"> Reportage architecture int\u00e9rieur et D\u00e9coration Agence Damien Carreres <\/div> <\/div> <\/div> <!-- close group --> <\/div> <!-- close row --> <div class=\"gallery-row\" style=\"width: 1200px; height: 796px;\" data-original-width=\"1200\" data-original-height=\"796\" > <div class=\"gallery-group images-2\" style=\"width: 608px; height: 796px;\" data-original-width=\"608\" data-original-height=\"796\" > <div class=\"tiled-gallery-item tiled-gallery-item-large\" itemprop=\"associatedMedia\" itemscope itemtype=\"http:\/\/schema.org\/ImageObject\"> <a href=\"http:\/\/www.sabine-serrad.fr\/?attachment_id=1136\" border=\"0\" itemprop=\"url\"> <meta itemprop=\"width\" content=\"604\"> <meta itemprop=\"height\" content=\"394\"> <img decoding=\"async\" class=\"\" data-attachment-id=\"1136\" data-orig-file=\"http:\/\/www.sabine-serrad.fr\/wp-content\/uploads\/2019\/09\/Domodeco-N90-Sabine-Serrad-Damien-Carrerres-2.png\" data-orig-size=\"1476,963\" data-comments-opened=\"\" data-image-meta=\"{&quot;aperture&quot;:&quot;0&quot;,&quot;credit&quot;:&quot;&quot;,&quot;camera&quot;:&quot;&quot;,&quot;caption&quot;:&quot;&quot;,&quot;created_timestamp&quot;:&quot;0&quot;,&quot;copyright&quot;:&quot;&quot;,&quot;focal_length&quot;:&quot;0&quot;,&quot;iso&quot;:&quot;0&quot;,&quot;shutter_speed&quot;:&quot;0&quot;,&quot;title&quot;:&quot;&quot;,&quot;orientation&quot;:&quot;0&quot;}\" data-image-title=\"Publication Domodeco num\u00e9ro 90\" data-image-description=\"&lt;p&gt;Reportage architecture int\u00e9rieur et D\u00e9coration&lt;br \/&gt; Agence Damien Carreres&lt;\/p&gt; \" data-medium-file=\"https:\/\/i0.wp.com\/www.sabine-serrad.fr\/wp-content\/uploads\/2019\/09\/Domodeco-N90-Sabine-Serrad-Damien-Carrerres-2.png?fit=600%2C391\" data-large-file=\"https:\/\/i0.wp.com\/www.sabine-serrad.fr\/wp-content\/uploads\/2019\/09\/Domodeco-N90-Sabine-Serrad-Damien-Carrerres-2.png?fit=1200%2C783\" src=\"https:\/\/i0.wp.com\/www.sabine-serrad.fr\/wp-content\/uploads\/2019\/09\/Domodeco-N90-Sabine-Serrad-Damien-Carrerres-2.png?w=604&#038;h=394\" srcset=\"https:\/\/i0.wp.com\/www.sabine-serrad.fr\/wp-content\/uploads\/2019\/09\/Domodeco-N90-Sabine-Serrad-Damien-Carrerres-2.png?w=1476 1476w, https:\/\/i0.wp.com\/www.sabine-serrad.fr\/wp-content\/uploads\/2019\/09\/Domodeco-N90-Sabine-Serrad-Damien-Carrerres-2.png?resize=600%2C391 600w, https:\/\/i0.wp.com\/www.sabine-serrad.fr\/wp-content\/uploads\/2019\/09\/Domodeco-N90-Sabine-Serrad-Damien-Carrerres-2.png?resize=768%2C501 768w, https:\/\/i0.wp.com\/www.sabine-serrad.fr\/wp-content\/uploads\/2019\/09\/Domodeco-N90-Sabine-Serrad-Damien-Carrerres-2.png?resize=1229%2C802 1229w\" width=\"604\" height=\"394\" loading=\"lazy\" data-original-width=\"604\" data-original-height=\"394\" itemprop=\"http:\/\/schema.org\/image\" title=\"Publication Domodeco num\u00e9ro 90\" alt=\"Photographe Sabine Serrad\" style=\"width: 604px; height: 394px;\" \/> <\/a> <div class=\"tiled-gallery-caption\" itemprop=\"caption description\"> Reportage architecture int\u00e9rieur et d\u00e9coration Agence Damien Carreres <\/div> <\/div> <div class=\"tiled-gallery-item tiled-gallery-item-large\" itemprop=\"associatedMedia\" itemscope itemtype=\"http:\/\/schema.org\/ImageObject\"> <a href=\"http:\/\/www.sabine-serrad.fr\/?attachment_id=1138\" border=\"0\" itemprop=\"url\"> <meta itemprop=\"width\" content=\"604\"> <meta itemprop=\"height\" content=\"394\"> <img decoding=\"async\" class=\"\" data-attachment-id=\"1138\" data-orig-file=\"http:\/\/www.sabine-serrad.fr\/wp-content\/uploads\/2019\/09\/Domodeco-N90-Sabine-Serrad-Damien-Carrerres-4.png\" data-orig-size=\"1476,964\" data-comments-opened=\"\" data-image-meta=\"{&quot;aperture&quot;:&quot;0&quot;,&quot;credit&quot;:&quot;&quot;,&quot;camera&quot;:&quot;&quot;,&quot;caption&quot;:&quot;&quot;,&quot;created_timestamp&quot;:&quot;0&quot;,&quot;copyright&quot;:&quot;&quot;,&quot;focal_length&quot;:&quot;0&quot;,&quot;iso&quot;:&quot;0&quot;,&quot;shutter_speed&quot;:&quot;0&quot;,&quot;title&quot;:&quot;&quot;,&quot;orientation&quot;:&quot;0&quot;}\" data-image-title=\"Publication Domodeco num\u00e9ro N90\" data-image-description=\"&lt;p&gt;Reportage architecture int\u00e9rieur et D\u00e9coration&lt;br \/&gt; Agence Damien Carreres&lt;\/p&gt; \" data-medium-file=\"https:\/\/i0.wp.com\/www.sabine-serrad.fr\/wp-content\/uploads\/2019\/09\/Domodeco-N90-Sabine-Serrad-Damien-Carrerres-4.png?fit=600%2C392\" data-large-file=\"https:\/\/i0.wp.com\/www.sabine-serrad.fr\/wp-content\/uploads\/2019\/09\/Domodeco-N90-Sabine-Serrad-Damien-Carrerres-4.png?fit=1200%2C784\" src=\"https:\/\/i0.wp.com\/www.sabine-serrad.fr\/wp-content\/uploads\/2019\/09\/Domodeco-N90-Sabine-Serrad-Damien-Carrerres-4.png?w=604&#038;h=394\" srcset=\"https:\/\/i0.wp.com\/www.sabine-serrad.fr\/wp-content\/uploads\/2019\/09\/Domodeco-N90-Sabine-Serrad-Damien-Carrerres-4.png?w=1476 1476w, https:\/\/i0.wp.com\/www.sabine-serrad.fr\/wp-content\/uploads\/2019\/09\/Domodeco-N90-Sabine-Serrad-Damien-Carrerres-4.png?resize=600%2C392 600w, https:\/\/i0.wp.com\/www.sabine-serrad.fr\/wp-content\/uploads\/2019\/09\/Domodeco-N90-Sabine-Serrad-Damien-Carrerres-4.png?resize=768%2C502 768w, https:\/\/i0.wp.com\/www.sabine-serrad.fr\/wp-content\/uploads\/2019\/09\/Domodeco-N90-Sabine-Serrad-Damien-Carrerres-4.png?resize=1229%2C803 1229w\" width=\"604\" height=\"394\" loading=\"lazy\" data-original-width=\"604\" data-original-height=\"394\" itemprop=\"http:\/\/schema.org\/image\" title=\"Publication Domodeco num\u00e9ro N90\" alt=\"Photographe Sabine Serrad\" style=\"width: 604px; height: 394px;\" \/> <\/a> <div class=\"tiled-gallery-caption\" itemprop=\"caption description\"> Reportage architecture int\u00e9rieur et D\u00e9coration Agence Damien Carreres <\/div> <\/div> <\/div> <!-- close group --> <div class=\"gallery-group images-1\" style=\"width: 592px; height: 796px;\" data-original-width=\"592\" data-original-height=\"796\" > <div class=\"tiled-gallery-item tiled-gallery-item-large\" itemprop=\"associatedMedia\" itemscope itemtype=\"http:\/\/schema.org\/ImageObject\"> <a href=\"http:\/\/www.sabine-serrad.fr\/?attachment_id=1215\" border=\"0\" itemprop=\"url\"> <meta itemprop=\"width\" content=\"588\"> <meta itemprop=\"height\" content=\"792\"> <img decoding=\"async\" class=\"\" data-attachment-id=\"1215\" data-orig-file=\"http:\/\/www.sabine-serrad.fr\/wp-content\/uploads\/2020\/05\/LEDD-Publication-Sabine-Serrad.jpg\" data-orig-size=\"631,850\" data-comments-opened=\"\" data-image-meta=\"{&quot;aperture&quot;:&quot;0&quot;,&quot;credit&quot;:&quot;&quot;,&quot;camera&quot;:&quot;&quot;,&quot;caption&quot;:&quot;&quot;,&quot;created_timestamp&quot;:&quot;0&quot;,&quot;copyright&quot;:&quot;&quot;,&quot;focal_length&quot;:&quot;0&quot;,&quot;iso&quot;:&quot;0&quot;,&quot;shutter_speed&quot;:&quot;0&quot;,&quot;title&quot;:&quot;&quot;,&quot;orientation&quot;:&quot;1&quot;}\" data-image-title=\"Les Enfants du Design\" data-image-description=\"&lt;p&gt;Magazine de Noel 2019&lt;\/p&gt; \" data-medium-file=\"https:\/\/i0.wp.com\/www.sabine-serrad.fr\/wp-content\/uploads\/2020\/05\/LEDD-Publication-Sabine-Serrad.jpg?fit=600%2C808\" data-large-file=\"https:\/\/i0.wp.com\/www.sabine-serrad.fr\/wp-content\/uploads\/2020\/05\/LEDD-Publication-Sabine-Serrad.jpg?fit=631%2C850\" src=\"https:\/\/i0.wp.com\/www.sabine-serrad.fr\/wp-content\/uploads\/2020\/05\/LEDD-Publication-Sabine-Serrad.jpg?w=588&#038;h=792\" srcset=\"https:\/\/i0.wp.com\/www.sabine-serrad.fr\/wp-content\/uploads\/2020\/05\/LEDD-Publication-Sabine-Serrad.jpg?w=631 631w, https:\/\/i0.wp.com\/www.sabine-serrad.fr\/wp-content\/uploads\/2020\/05\/LEDD-Publication-Sabine-Serrad.jpg?resize=600%2C808 600w\" width=\"588\" height=\"792\" loading=\"lazy\" data-original-width=\"588\" data-original-height=\"792\" itemprop=\"http:\/\/schema.org\/image\" title=\"Les Enfants du Design\" alt=\"Sabine Serrad Photographe\" style=\"width: 588px; height: 792px;\" \/> <\/a> <div class=\"tiled-gallery-caption\" itemprop=\"caption description\"> Sabine Serrad Photographe <\/div> <\/div> <\/div> <!-- close group --> <\/div> <!-- close row --> <div class=\"gallery-row\" style=\"width: 1200px; height: 953px;\" data-original-width=\"1200\" data-original-height=\"953\" > <div class=\"gallery-group images-3\" style=\"width: 486px; height: 953px;\" data-original-width=\"486\" data-original-height=\"953\" > <div class=\"tiled-gallery-item tiled-gallery-item-large\" itemprop=\"associatedMedia\" itemscope itemtype=\"http:\/\/schema.org\/ImageObject\"> <a href=\"http:\/\/www.sabine-serrad.fr\/?attachment_id=1226\" border=\"0\" itemprop=\"url\"> <meta itemprop=\"width\" content=\"482\"> <meta itemprop=\"height\" content=\"314\"> <img decoding=\"async\" class=\"\" data-attachment-id=\"1226\" data-orig-file=\"http:\/\/www.sabine-serrad.fr\/wp-content\/uploads\/2020\/05\/LEDD-Publication-Sabine-Serrad-Magazine-2019-3.jpg\" data-orig-size=\"850,553\" data-comments-opened=\"\" data-image-meta=\"{&quot;aperture&quot;:&quot;0&quot;,&quot;credit&quot;:&quot;&quot;,&quot;camera&quot;:&quot;&quot;,&quot;caption&quot;:&quot;&quot;,&quot;created_timestamp&quot;:&quot;0&quot;,&quot;copyright&quot;:&quot;&quot;,&quot;focal_length&quot;:&quot;0&quot;,&quot;iso&quot;:&quot;0&quot;,&quot;shutter_speed&quot;:&quot;0&quot;,&quot;title&quot;:&quot;&quot;,&quot;orientation&quot;:&quot;1&quot;}\" data-image-title=\"Les Enfants du Design\" data-image-description=\"&lt;p&gt;Magazine Hiver 2019&lt;\/p&gt; \" data-medium-file=\"https:\/\/i0.wp.com\/www.sabine-serrad.fr\/wp-content\/uploads\/2020\/05\/LEDD-Publication-Sabine-Serrad-Magazine-2019-3.jpg?fit=600%2C390\" data-large-file=\"https:\/\/i0.wp.com\/www.sabine-serrad.fr\/wp-content\/uploads\/2020\/05\/LEDD-Publication-Sabine-Serrad-Magazine-2019-3.jpg?fit=850%2C553\" src=\"https:\/\/i0.wp.com\/www.sabine-serrad.fr\/wp-content\/uploads\/2020\/05\/LEDD-Publication-Sabine-Serrad-Magazine-2019-3.jpg?w=482&#038;h=314\" srcset=\"https:\/\/i0.wp.com\/www.sabine-serrad.fr\/wp-content\/uploads\/2020\/05\/LEDD-Publication-Sabine-Serrad-Magazine-2019-3.jpg?w=850 850w, https:\/\/i0.wp.com\/www.sabine-serrad.fr\/wp-content\/uploads\/2020\/05\/LEDD-Publication-Sabine-Serrad-Magazine-2019-3.jpg?resize=600%2C390 600w, https:\/\/i0.wp.com\/www.sabine-serrad.fr\/wp-content\/uploads\/2020\/05\/LEDD-Publication-Sabine-Serrad-Magazine-2019-3.jpg?resize=768%2C500 768w\" width=\"482\" height=\"314\" loading=\"lazy\" data-original-width=\"482\" data-original-height=\"314\" itemprop=\"http:\/\/schema.org\/image\" title=\"Les Enfants du Design\" alt=\"Sabine Serrad Photographe\" style=\"width: 482px; height: 314px;\" \/> <\/a> <div class=\"tiled-gallery-caption\" itemprop=\"caption description\"> Sabine Serrad Photographe <\/div> <\/div> <div class=\"tiled-gallery-item tiled-gallery-item-large\" itemprop=\"associatedMedia\" itemscope itemtype=\"http:\/\/schema.org\/ImageObject\"> <a href=\"http:\/\/www.sabine-serrad.fr\/?attachment_id=1227\" border=\"0\" itemprop=\"url\"> <meta itemprop=\"width\" content=\"482\"> <meta itemprop=\"height\" content=\"314\"> <img decoding=\"async\" class=\"\" data-attachment-id=\"1227\" data-orig-file=\"http:\/\/www.sabine-serrad.fr\/wp-content\/uploads\/2020\/05\/LEDD-Publication-Sabine-Serrad-Magazine-2019.jpg\" data-orig-size=\"850,553\" data-comments-opened=\"\" data-image-meta=\"{&quot;aperture&quot;:&quot;0&quot;,&quot;credit&quot;:&quot;&quot;,&quot;camera&quot;:&quot;&quot;,&quot;caption&quot;:&quot;&quot;,&quot;created_timestamp&quot;:&quot;0&quot;,&quot;copyright&quot;:&quot;&quot;,&quot;focal_length&quot;:&quot;0&quot;,&quot;iso&quot;:&quot;0&quot;,&quot;shutter_speed&quot;:&quot;0&quot;,&quot;title&quot;:&quot;&quot;,&quot;orientation&quot;:&quot;1&quot;}\" data-image-title=\"Les Enfants du Design\" data-image-description=\"&lt;p&gt;Magazine Hiver 2019&lt;\/p&gt; \" data-medium-file=\"https:\/\/i0.wp.com\/www.sabine-serrad.fr\/wp-content\/uploads\/2020\/05\/LEDD-Publication-Sabine-Serrad-Magazine-2019.jpg?fit=600%2C390\" data-large-file=\"https:\/\/i0.wp.com\/www.sabine-serrad.fr\/wp-content\/uploads\/2020\/05\/LEDD-Publication-Sabine-Serrad-Magazine-2019.jpg?fit=850%2C553\" src=\"https:\/\/i0.wp.com\/www.sabine-serrad.fr\/wp-content\/uploads\/2020\/05\/LEDD-Publication-Sabine-Serrad-Magazine-2019.jpg?w=482&#038;h=314\" srcset=\"https:\/\/i0.wp.com\/www.sabine-serrad.fr\/wp-content\/uploads\/2020\/05\/LEDD-Publication-Sabine-Serrad-Magazine-2019.jpg?w=850 850w, https:\/\/i0.wp.com\/www.sabine-serrad.fr\/wp-content\/uploads\/2020\/05\/LEDD-Publication-Sabine-Serrad-Magazine-2019.jpg?resize=600%2C390 600w, https:\/\/i0.wp.com\/www.sabine-serrad.fr\/wp-content\/uploads\/2020\/05\/LEDD-Publication-Sabine-Serrad-Magazine-2019.jpg?resize=768%2C500 768w\" width=\"482\" height=\"314\" loading=\"lazy\" data-original-width=\"482\" data-original-height=\"314\" itemprop=\"http:\/\/schema.org\/image\" title=\"Les Enfants du Design\" alt=\"Sabine Serrad Photographe\" style=\"width: 482px; height: 314px;\" \/> <\/a> <div class=\"tiled-gallery-caption\" itemprop=\"caption description\"> Sabine Serrad Photographe <\/div> <\/div> <div class=\"tiled-gallery-item tiled-gallery-item-large\" itemprop=\"associatedMedia\" itemscope itemtype=\"http:\/\/schema.org\/ImageObject\"> <a href=\"http:\/\/www.sabine-serrad.fr\/?attachment_id=1228\" border=\"0\" itemprop=\"url\"> <meta itemprop=\"width\" content=\"482\"> <meta itemprop=\"height\" content=\"313\"> <img decoding=\"async\" class=\"\" data-attachment-id=\"1228\" data-orig-file=\"http:\/\/www.sabine-serrad.fr\/wp-content\/uploads\/2020\/05\/LEDD-Publication-Sabine-Serrad-Magazine-2019-5.jpg\" data-orig-size=\"850,552\" data-comments-opened=\"\" data-image-meta=\"{&quot;aperture&quot;:&quot;0&quot;,&quot;credit&quot;:&quot;&quot;,&quot;camera&quot;:&quot;&quot;,&quot;caption&quot;:&quot;&quot;,&quot;created_timestamp&quot;:&quot;0&quot;,&quot;copyright&quot;:&quot;&quot;,&quot;focal_length&quot;:&quot;0&quot;,&quot;iso&quot;:&quot;0&quot;,&quot;shutter_speed&quot;:&quot;0&quot;,&quot;title&quot;:&quot;&quot;,&quot;orientation&quot;:&quot;1&quot;}\" data-image-title=\"Les Enfants du Design\" data-image-description=\"&lt;p&gt;Magazine Hiver 2019&lt;\/p&gt; \" data-medium-file=\"https:\/\/i0.wp.com\/www.sabine-serrad.fr\/wp-content\/uploads\/2020\/05\/LEDD-Publication-Sabine-Serrad-Magazine-2019-5.jpg?fit=600%2C390\" data-large-file=\"https:\/\/i0.wp.com\/www.sabine-serrad.fr\/wp-content\/uploads\/2020\/05\/LEDD-Publication-Sabine-Serrad-Magazine-2019-5.jpg?fit=850%2C552\" src=\"https:\/\/i0.wp.com\/www.sabine-serrad.fr\/wp-content\/uploads\/2020\/05\/LEDD-Publication-Sabine-Serrad-Magazine-2019-5.jpg?w=482&#038;h=313\" srcset=\"https:\/\/i0.wp.com\/www.sabine-serrad.fr\/wp-content\/uploads\/2020\/05\/LEDD-Publication-Sabine-Serrad-Magazine-2019-5.jpg?w=850 850w, https:\/\/i0.wp.com\/www.sabine-serrad.fr\/wp-content\/uploads\/2020\/05\/LEDD-Publication-Sabine-Serrad-Magazine-2019-5.jpg?resize=600%2C390 600w, https:\/\/i0.wp.com\/www.sabine-serrad.fr\/wp-content\/uploads\/2020\/05\/LEDD-Publication-Sabine-Serrad-Magazine-2019-5.jpg?resize=768%2C499 768w\" width=\"482\" height=\"313\" loading=\"lazy\" data-original-width=\"482\" data-original-height=\"313\" itemprop=\"http:\/\/schema.org\/image\" title=\"Les Enfants du Design\" alt=\"Sabine Serrad Photographe\" style=\"width: 482px; height: 313px;\" \/> <\/a> <div class=\"tiled-gallery-caption\" itemprop=\"caption description\"> Sabine Serrad Photographe <\/div> <\/div> <\/div> <!-- close group --> <div class=\"gallery-group images-1\" style=\"width: 714px; height: 953px;\" data-original-width=\"714\" data-original-height=\"953\" > <div class=\"tiled-gallery-item tiled-gallery-item-large\" itemprop=\"associatedMedia\" itemscope itemtype=\"http:\/\/schema.org\/ImageObject\"> <a href=\"http:\/\/www.sabine-serrad.fr\/?attachment_id=1217\" border=\"0\" itemprop=\"url\"> <meta itemprop=\"width\" content=\"710\"> <meta itemprop=\"height\" content=\"949\"> <img decoding=\"async\" class=\"\" data-attachment-id=\"1217\" data-orig-file=\"http:\/\/www.sabine-serrad.fr\/wp-content\/uploads\/2020\/05\/Maison-et-Travaux-Publication-Sabine-Serrad.jpg\" data-orig-size=\"636,850\" data-comments-opened=\"\" data-image-meta=\"{&quot;aperture&quot;:&quot;0&quot;,&quot;credit&quot;:&quot;&quot;,&quot;camera&quot;:&quot;&quot;,&quot;caption&quot;:&quot;&quot;,&quot;created_timestamp&quot;:&quot;0&quot;,&quot;copyright&quot;:&quot;&quot;,&quot;focal_length&quot;:&quot;0&quot;,&quot;iso&quot;:&quot;0&quot;,&quot;shutter_speed&quot;:&quot;0&quot;,&quot;title&quot;:&quot;&quot;,&quot;orientation&quot;:&quot;1&quot;}\" data-image-title=\"Maison et Travaux Publication\" data-image-description=\"&lt;p&gt;R\u00e9alisation de la couverture&lt;br \/&gt; avec l&amp;rsquo;agence d&amp;rsquo;architecture&lt;br \/&gt; Nuance(s)&lt;\/p&gt; \" data-medium-file=\"https:\/\/i0.wp.com\/www.sabine-serrad.fr\/wp-content\/uploads\/2020\/05\/Maison-et-Travaux-Publication-Sabine-Serrad.jpg?fit=600%2C802\" data-large-file=\"https:\/\/i0.wp.com\/www.sabine-serrad.fr\/wp-content\/uploads\/2020\/05\/Maison-et-Travaux-Publication-Sabine-Serrad.jpg?fit=636%2C850\" src=\"https:\/\/i0.wp.com\/www.sabine-serrad.fr\/wp-content\/uploads\/2020\/05\/Maison-et-Travaux-Publication-Sabine-Serrad.jpg?w=710&#038;h=949\" srcset=\"https:\/\/i0.wp.com\/www.sabine-serrad.fr\/wp-content\/uploads\/2020\/05\/Maison-et-Travaux-Publication-Sabine-Serrad.jpg?w=636 636w, https:\/\/i0.wp.com\/www.sabine-serrad.fr\/wp-content\/uploads\/2020\/05\/Maison-et-Travaux-Publication-Sabine-Serrad.jpg?resize=600%2C802 600w\" width=\"710\" height=\"949\" loading=\"lazy\" data-original-width=\"710\" data-original-height=\"949\" itemprop=\"http:\/\/schema.org\/image\" title=\"Maison et Travaux Publication\" alt=\"Sabine Serrad Photographe\" style=\"width: 710px; height: 949px;\" \/> <\/a> <div class=\"tiled-gallery-caption\" itemprop=\"caption description\"> Sabine Serrad Photographe <\/div> <\/div> <\/div> <!-- close group --> <\/div> <!-- close row --> <div class=\"gallery-row\" style=\"width: 1200px; height: 249px;\" data-original-width=\"1200\" data-original-height=\"249\" > <div class=\"gallery-group images-1\" style=\"width: 397px; height: 249px;\" data-original-width=\"397\" data-original-height=\"249\" > <div class=\"tiled-gallery-item tiled-gallery-item-large\" itemprop=\"associatedMedia\" itemscope itemtype=\"http:\/\/schema.org\/ImageObject\"> <a href=\"http:\/\/www.sabine-serrad.fr\/?attachment_id=1086\" border=\"0\" itemprop=\"url\"> <meta itemprop=\"width\" content=\"393\"> <meta itemprop=\"height\" content=\"245\"> <img decoding=\"async\" class=\"\" data-attachment-id=\"1086\" data-orig-file=\"http:\/\/www.sabine-serrad.fr\/wp-content\/uploads\/2018\/05\/SabineSerradPublicationDomodeco1-1.jpg\" data-orig-size=\"1417,885\" data-comments-opened=\"\" data-image-meta=\"{&quot;aperture&quot;:&quot;0&quot;,&quot;credit&quot;:&quot;&quot;,&quot;camera&quot;:&quot;&quot;,&quot;caption&quot;:&quot;&quot;,&quot;created_timestamp&quot;:&quot;0&quot;,&quot;copyright&quot;:&quot;&quot;,&quot;focal_length&quot;:&quot;0&quot;,&quot;iso&quot;:&quot;0&quot;,&quot;shutter_speed&quot;:&quot;0&quot;,&quot;title&quot;:&quot;&quot;,&quot;orientation&quot;:&quot;1&quot;}\" data-image-title=\"Publication Domodeco\" data-image-description=\"&lt;p&gt;Sabine Serrad Photographe&lt;br \/&gt; NAAO Architecture &lt;\/p&gt; \" data-medium-file=\"https:\/\/i0.wp.com\/www.sabine-serrad.fr\/wp-content\/uploads\/2018\/05\/SabineSerradPublicationDomodeco1-1.jpg?fit=600%2C375\" data-large-file=\"https:\/\/i0.wp.com\/www.sabine-serrad.fr\/wp-content\/uploads\/2018\/05\/SabineSerradPublicationDomodeco1-1.jpg?fit=1200%2C750\" src=\"https:\/\/i0.wp.com\/www.sabine-serrad.fr\/wp-content\/uploads\/2018\/05\/SabineSerradPublicationDomodeco1-1.jpg?w=393&#038;h=245\" srcset=\"https:\/\/i0.wp.com\/www.sabine-serrad.fr\/wp-content\/uploads\/2018\/05\/SabineSerradPublicationDomodeco1-1.jpg?w=1417 1417w, https:\/\/i0.wp.com\/www.sabine-serrad.fr\/wp-content\/uploads\/2018\/05\/SabineSerradPublicationDomodeco1-1.jpg?resize=600%2C375 600w, https:\/\/i0.wp.com\/www.sabine-serrad.fr\/wp-content\/uploads\/2018\/05\/SabineSerradPublicationDomodeco1-1.jpg?resize=768%2C480 768w, https:\/\/i0.wp.com\/www.sabine-serrad.fr\/wp-content\/uploads\/2018\/05\/SabineSerradPublicationDomodeco1-1.jpg?resize=1229%2C768 1229w\" width=\"393\" height=\"245\" loading=\"lazy\" data-original-width=\"393\" data-original-height=\"245\" itemprop=\"http:\/\/schema.org\/image\" title=\"Publication Domodeco\" alt=\"Domodeco Lyon \/ Avril 2018\" style=\"width: 393px; height: 245px;\" \/> <\/a> <div class=\"tiled-gallery-caption\" itemprop=\"caption description\"> Domodeco Lyon \/ Avril 2018 <\/div> <\/div> <\/div> <!-- close group --> <div class=\"gallery-group images-1\" style=\"width: 400px; height: 249px;\" data-original-width=\"400\" data-original-height=\"249\" > <div class=\"tiled-gallery-item tiled-gallery-item-large\" itemprop=\"associatedMedia\" itemscope itemtype=\"http:\/\/schema.org\/ImageObject\"> <a href=\"http:\/\/www.sabine-serrad.fr\/?attachment_id=1087\" border=\"0\" itemprop=\"url\"> <meta itemprop=\"width\" content=\"396\"> <meta itemprop=\"height\" content=\"245\"> <img decoding=\"async\" class=\"\" data-attachment-id=\"1087\" data-orig-file=\"http:\/\/www.sabine-serrad.fr\/wp-content\/uploads\/2018\/05\/SabineSerradPublicationDomodeco2-1.jpg\" data-orig-size=\"1417,879\" data-comments-opened=\"\" data-image-meta=\"{&quot;aperture&quot;:&quot;0&quot;,&quot;credit&quot;:&quot;&quot;,&quot;camera&quot;:&quot;&quot;,&quot;caption&quot;:&quot;&quot;,&quot;created_timestamp&quot;:&quot;0&quot;,&quot;copyright&quot;:&quot;&quot;,&quot;focal_length&quot;:&quot;0&quot;,&quot;iso&quot;:&quot;0&quot;,&quot;shutter_speed&quot;:&quot;0&quot;,&quot;title&quot;:&quot;&quot;,&quot;orientation&quot;:&quot;1&quot;}\" data-image-title=\"Publication Domodeco\" data-image-description=\"&lt;p&gt;Sabine Serrad Photographe&lt;br \/&gt; NAAO Architecture &lt;\/p&gt; \" data-medium-file=\"https:\/\/i0.wp.com\/www.sabine-serrad.fr\/wp-content\/uploads\/2018\/05\/SabineSerradPublicationDomodeco2-1.jpg?fit=600%2C372\" data-large-file=\"https:\/\/i0.wp.com\/www.sabine-serrad.fr\/wp-content\/uploads\/2018\/05\/SabineSerradPublicationDomodeco2-1.jpg?fit=1200%2C744\" src=\"https:\/\/i0.wp.com\/www.sabine-serrad.fr\/wp-content\/uploads\/2018\/05\/SabineSerradPublicationDomodeco2-1.jpg?w=396&#038;h=245\" srcset=\"https:\/\/i0.wp.com\/www.sabine-serrad.fr\/wp-content\/uploads\/2018\/05\/SabineSerradPublicationDomodeco2-1.jpg?w=1417 1417w, https:\/\/i0.wp.com\/www.sabine-serrad.fr\/wp-content\/uploads\/2018\/05\/SabineSerradPublicationDomodeco2-1.jpg?resize=600%2C372 600w, https:\/\/i0.wp.com\/www.sabine-serrad.fr\/wp-content\/uploads\/2018\/05\/SabineSerradPublicationDomodeco2-1.jpg?resize=768%2C476 768w, https:\/\/i0.wp.com\/www.sabine-serrad.fr\/wp-content\/uploads\/2018\/05\/SabineSerradPublicationDomodeco2-1.jpg?resize=1229%2C762 1229w\" width=\"396\" height=\"245\" loading=\"lazy\" data-original-width=\"396\" data-original-height=\"245\" itemprop=\"http:\/\/schema.org\/image\" title=\"Publication Domodeco\" alt=\"Domodeco Lyon \/ Avril 2018\" style=\"width: 396px; height: 245px;\" \/> <\/a> <div class=\"tiled-gallery-caption\" itemprop=\"caption description\"> Domodeco Lyon \/ Avril 2018 <\/div> <\/div> <\/div> <!-- close group --> <div class=\"gallery-group images-1\" style=\"width: 403px; height: 249px;\" data-original-width=\"403\" data-original-height=\"249\" > <div class=\"tiled-gallery-item tiled-gallery-item-large\" itemprop=\"associatedMedia\" itemscope itemtype=\"http:\/\/schema.org\/ImageObject\"> <a href=\"http:\/\/www.sabine-serrad.fr\/?attachment_id=1088\" border=\"0\" itemprop=\"url\"> <meta itemprop=\"width\" content=\"399\"> <meta itemprop=\"height\" content=\"245\"> <img decoding=\"async\" class=\"\" data-attachment-id=\"1088\" data-orig-file=\"http:\/\/www.sabine-serrad.fr\/wp-content\/uploads\/2018\/05\/SabineSerradPublicationDomodeco4-1.jpg\" data-orig-size=\"1417,871\" data-comments-opened=\"\" data-image-meta=\"{&quot;aperture&quot;:&quot;0&quot;,&quot;credit&quot;:&quot;&quot;,&quot;camera&quot;:&quot;&quot;,&quot;caption&quot;:&quot;&quot;,&quot;created_timestamp&quot;:&quot;0&quot;,&quot;copyright&quot;:&quot;&quot;,&quot;focal_length&quot;:&quot;0&quot;,&quot;iso&quot;:&quot;0&quot;,&quot;shutter_speed&quot;:&quot;0&quot;,&quot;title&quot;:&quot;&quot;,&quot;orientation&quot;:&quot;1&quot;}\" data-image-title=\"Publication Domodeco\" data-image-description=\"&lt;p&gt;Sabine Serrad Photographe&lt;br \/&gt; NAAO Architecture &lt;\/p&gt; \" data-medium-file=\"https:\/\/i0.wp.com\/www.sabine-serrad.fr\/wp-content\/uploads\/2018\/05\/SabineSerradPublicationDomodeco4-1.jpg?fit=600%2C369\" data-large-file=\"https:\/\/i0.wp.com\/www.sabine-serrad.fr\/wp-content\/uploads\/2018\/05\/SabineSerradPublicationDomodeco4-1.jpg?fit=1200%2C737\" src=\"https:\/\/i0.wp.com\/www.sabine-serrad.fr\/wp-content\/uploads\/2018\/05\/SabineSerradPublicationDomodeco4-1.jpg?w=399&#038;h=245\" srcset=\"https:\/\/i0.wp.com\/www.sabine-serrad.fr\/wp-content\/uploads\/2018\/05\/SabineSerradPublicationDomodeco4-1.jpg?w=1417 1417w, https:\/\/i0.wp.com\/www.sabine-serrad.fr\/wp-content\/uploads\/2018\/05\/SabineSerradPublicationDomodeco4-1.jpg?resize=600%2C369 600w, https:\/\/i0.wp.com\/www.sabine-serrad.fr\/wp-content\/uploads\/2018\/05\/SabineSerradPublicationDomodeco4-1.jpg?resize=768%2C472 768w, https:\/\/i0.wp.com\/www.sabine-serrad.fr\/wp-content\/uploads\/2018\/05\/SabineSerradPublicationDomodeco4-1.jpg?resize=1229%2C755 1229w\" width=\"399\" height=\"245\" loading=\"lazy\" data-original-width=\"399\" data-original-height=\"245\" itemprop=\"http:\/\/schema.org\/image\" title=\"Publication Domodeco\" alt=\"Domodeco Lyon \/ Avril 2018\" style=\"width: 399px; height: 245px;\" \/> <\/a> <div class=\"tiled-gallery-caption\" itemprop=\"caption description\"> Domodeco Lyon \/ Avril 2018 <\/div> <\/div> <\/div> <!-- close group --> <\/div> <!-- close row --> <div class=\"gallery-row\" style=\"width: 1200px; height: 890px;\" data-original-width=\"1200\" data-original-height=\"890\" > <div class=\"gallery-group images-1\" style=\"width: 720px; height: 890px;\" data-original-width=\"720\" data-original-height=\"890\" > <div class=\"tiled-gallery-item tiled-gallery-item-large\" itemprop=\"associatedMedia\" itemscope itemtype=\"http:\/\/schema.org\/ImageObject\"> <a href=\"http:\/\/www.sabine-serrad.fr\/?attachment_id=1085\" border=\"0\" itemprop=\"url\"> <meta itemprop=\"width\" content=\"716\"> <meta itemprop=\"height\" content=\"886\"> <img decoding=\"async\" class=\"\" data-attachment-id=\"1085\" data-orig-file=\"http:\/\/www.sabine-serrad.fr\/wp-content\/uploads\/2018\/05\/SabineSerradPublicationDomodeco-1.jpg\" data-orig-size=\"915,1133\" data-comments-opened=\"\" data-image-meta=\"{&quot;aperture&quot;:&quot;0&quot;,&quot;credit&quot;:&quot;&quot;,&quot;camera&quot;:&quot;&quot;,&quot;caption&quot;:&quot;&quot;,&quot;created_timestamp&quot;:&quot;0&quot;,&quot;copyright&quot;:&quot;&quot;,&quot;focal_length&quot;:&quot;0&quot;,&quot;iso&quot;:&quot;0&quot;,&quot;shutter_speed&quot;:&quot;0&quot;,&quot;title&quot;:&quot;&quot;,&quot;orientation&quot;:&quot;1&quot;}\" data-image-title=\"Publication Domodeco\" data-image-description=\"\" data-medium-file=\"https:\/\/i0.wp.com\/www.sabine-serrad.fr\/wp-content\/uploads\/2018\/05\/SabineSerradPublicationDomodeco-1.jpg?fit=600%2C743\" data-large-file=\"https:\/\/i0.wp.com\/www.sabine-serrad.fr\/wp-content\/uploads\/2018\/05\/SabineSerradPublicationDomodeco-1.jpg?fit=915%2C1133\" src=\"https:\/\/i0.wp.com\/www.sabine-serrad.fr\/wp-content\/uploads\/2018\/05\/SabineSerradPublicationDomodeco-1.jpg?w=716&#038;h=886\" srcset=\"https:\/\/i0.wp.com\/www.sabine-serrad.fr\/wp-content\/uploads\/2018\/05\/SabineSerradPublicationDomodeco-1.jpg?w=915 915w, https:\/\/i0.wp.com\/www.sabine-serrad.fr\/wp-content\/uploads\/2018\/05\/SabineSerradPublicationDomodeco-1.jpg?resize=600%2C743 600w, https:\/\/i0.wp.com\/www.sabine-serrad.fr\/wp-content\/uploads\/2018\/05\/SabineSerradPublicationDomodeco-1.jpg?resize=768%2C951 768w\" width=\"716\" height=\"886\" loading=\"lazy\" data-original-width=\"716\" data-original-height=\"886\" itemprop=\"http:\/\/schema.org\/image\" title=\"Publication Domodeco\" alt=\"Avril 2018\" style=\"width: 716px; height: 886px;\" \/> <\/a> <div class=\"tiled-gallery-caption\" itemprop=\"caption description\"> Avril 2018 <\/div> <\/div> <\/div> <!-- close group --> <div class=\"gallery-group images-3\" style=\"width: 480px; height: 890px;\" data-original-width=\"480\" data-original-height=\"890\" > <div class=\"tiled-gallery-item tiled-gallery-item-large\" itemprop=\"associatedMedia\" itemscope itemtype=\"http:\/\/schema.org\/ImageObject\"> <a href=\"http:\/\/www.sabine-serrad.fr\/?attachment_id=1075\" border=\"0\" itemprop=\"url\"> <meta itemprop=\"width\" content=\"476\"> <meta itemprop=\"height\" content=\"293\"> <img decoding=\"async\" class=\"\" data-attachment-id=\"1075\" data-orig-file=\"http:\/\/www.sabine-serrad.fr\/wp-content\/uploads\/2018\/05\/SabineSerradPublicationDomodecoSavoie-1.jpg\" data-orig-size=\"1417,872\" data-comments-opened=\"\" data-image-meta=\"{&quot;aperture&quot;:&quot;0&quot;,&quot;credit&quot;:&quot;&quot;,&quot;camera&quot;:&quot;&quot;,&quot;caption&quot;:&quot;&quot;,&quot;created_timestamp&quot;:&quot;0&quot;,&quot;copyright&quot;:&quot;&quot;,&quot;focal_length&quot;:&quot;0&quot;,&quot;iso&quot;:&quot;0&quot;,&quot;shutter_speed&quot;:&quot;0&quot;,&quot;title&quot;:&quot;&quot;,&quot;orientation&quot;:&quot;1&quot;}\" data-image-title=\"Publication Domodeco\" data-image-description=\"&lt;p&gt;Sabine Serrad photographe&lt;br \/&gt; Agence Refuge&lt;\/p&gt; \" data-medium-file=\"https:\/\/i0.wp.com\/www.sabine-serrad.fr\/wp-content\/uploads\/2018\/05\/SabineSerradPublicationDomodecoSavoie-1.jpg?fit=600%2C369\" data-large-file=\"https:\/\/i0.wp.com\/www.sabine-serrad.fr\/wp-content\/uploads\/2018\/05\/SabineSerradPublicationDomodecoSavoie-1.jpg?fit=1200%2C738\" src=\"https:\/\/i0.wp.com\/www.sabine-serrad.fr\/wp-content\/uploads\/2018\/05\/SabineSerradPublicationDomodecoSavoie-1.jpg?w=476&#038;h=293\" srcset=\"https:\/\/i0.wp.com\/www.sabine-serrad.fr\/wp-content\/uploads\/2018\/05\/SabineSerradPublicationDomodecoSavoie-1.jpg?w=1417 1417w, https:\/\/i0.wp.com\/www.sabine-serrad.fr\/wp-content\/uploads\/2018\/05\/SabineSerradPublicationDomodecoSavoie-1.jpg?resize=600%2C369 600w, https:\/\/i0.wp.com\/www.sabine-serrad.fr\/wp-content\/uploads\/2018\/05\/SabineSerradPublicationDomodecoSavoie-1.jpg?resize=768%2C473 768w, https:\/\/i0.wp.com\/www.sabine-serrad.fr\/wp-content\/uploads\/2018\/05\/SabineSerradPublicationDomodecoSavoie-1.jpg?resize=1229%2C756 1229w\" width=\"476\" height=\"293\" loading=\"lazy\" data-original-width=\"476\" data-original-height=\"293\" itemprop=\"http:\/\/schema.org\/image\" title=\"Publication Domodeco\" alt=\"Domod\u00e9co \u00e9dition savoie \/ Avril 2018\" style=\"width: 476px; height: 293px;\" \/> <\/a> <div class=\"tiled-gallery-caption\" itemprop=\"caption description\"> Domod\u00e9co \u00e9dition savoie \/ Avril 2018 <\/div> <\/div> <div class=\"tiled-gallery-item tiled-gallery-item-large\" itemprop=\"associatedMedia\" itemscope itemtype=\"http:\/\/schema.org\/ImageObject\"> <a href=\"http:\/\/www.sabine-serrad.fr\/?attachment_id=1079\" border=\"0\" itemprop=\"url\"> <meta itemprop=\"width\" content=\"476\"> <meta itemprop=\"height\" content=\"292\"> <img decoding=\"async\" class=\"\" data-attachment-id=\"1079\" data-orig-file=\"http:\/\/www.sabine-serrad.fr\/wp-content\/uploads\/2018\/05\/SabineSerradPublicationDomodecoSavoie4-1.jpg\" data-orig-size=\"1417,868\" data-comments-opened=\"\" data-image-meta=\"{&quot;aperture&quot;:&quot;0&quot;,&quot;credit&quot;:&quot;&quot;,&quot;camera&quot;:&quot;&quot;,&quot;caption&quot;:&quot;&quot;,&quot;created_timestamp&quot;:&quot;0&quot;,&quot;copyright&quot;:&quot;&quot;,&quot;focal_length&quot;:&quot;0&quot;,&quot;iso&quot;:&quot;0&quot;,&quot;shutter_speed&quot;:&quot;0&quot;,&quot;title&quot;:&quot;&quot;,&quot;orientation&quot;:&quot;1&quot;}\" data-image-title=\"Publication Domodeco\" data-image-description=\"&lt;p&gt;Sabine Serrad photographe&lt;br \/&gt; Agence Refuge&lt;\/p&gt; \" data-medium-file=\"https:\/\/i0.wp.com\/www.sabine-serrad.fr\/wp-content\/uploads\/2018\/05\/SabineSerradPublicationDomodecoSavoie4-1.jpg?fit=600%2C368\" data-large-file=\"https:\/\/i0.wp.com\/www.sabine-serrad.fr\/wp-content\/uploads\/2018\/05\/SabineSerradPublicationDomodecoSavoie4-1.jpg?fit=1200%2C735\" src=\"https:\/\/i0.wp.com\/www.sabine-serrad.fr\/wp-content\/uploads\/2018\/05\/SabineSerradPublicationDomodecoSavoie4-1.jpg?w=476&#038;h=292\" srcset=\"https:\/\/i0.wp.com\/www.sabine-serrad.fr\/wp-content\/uploads\/2018\/05\/SabineSerradPublicationDomodecoSavoie4-1.jpg?w=1417 1417w, https:\/\/i0.wp.com\/www.sabine-serrad.fr\/wp-content\/uploads\/2018\/05\/SabineSerradPublicationDomodecoSavoie4-1.jpg?resize=600%2C368 600w, https:\/\/i0.wp.com\/www.sabine-serrad.fr\/wp-content\/uploads\/2018\/05\/SabineSerradPublicationDomodecoSavoie4-1.jpg?resize=768%2C470 768w, https:\/\/i0.wp.com\/www.sabine-serrad.fr\/wp-content\/uploads\/2018\/05\/SabineSerradPublicationDomodecoSavoie4-1.jpg?resize=1229%2C753 1229w\" width=\"476\" height=\"292\" loading=\"lazy\" data-original-width=\"476\" data-original-height=\"292\" itemprop=\"http:\/\/schema.org\/image\" title=\"Publication Domodeco\" alt=\"Domod\u00e9co \u00e9dition Savoie \/ Avril 2018\" style=\"width: 476px; height: 292px;\" \/> <\/a> <div class=\"tiled-gallery-caption\" itemprop=\"caption description\"> Domod\u00e9co \u00e9dition Savoie \/ Avril 2018 <\/div> <\/div> <div class=\"tiled-gallery-item tiled-gallery-item-large\" itemprop=\"associatedMedia\" itemscope itemtype=\"http:\/\/schema.org\/ImageObject\"> <a href=\"http:\/\/www.sabine-serrad.fr\/?attachment_id=1077\" border=\"0\" itemprop=\"url\"> <meta itemprop=\"width\" content=\"476\"> <meta itemprop=\"height\" content=\"293\"> <img decoding=\"async\" class=\"\" data-attachment-id=\"1077\" data-orig-file=\"http:\/\/www.sabine-serrad.fr\/wp-content\/uploads\/2018\/05\/SabineSerradPublicationDomodecoSavoie2-1.jpg\" data-orig-size=\"1417,873\" data-comments-opened=\"\" data-image-meta=\"{&quot;aperture&quot;:&quot;0&quot;,&quot;credit&quot;:&quot;&quot;,&quot;camera&quot;:&quot;&quot;,&quot;caption&quot;:&quot;&quot;,&quot;created_timestamp&quot;:&quot;0&quot;,&quot;copyright&quot;:&quot;&quot;,&quot;focal_length&quot;:&quot;0&quot;,&quot;iso&quot;:&quot;0&quot;,&quot;shutter_speed&quot;:&quot;0&quot;,&quot;title&quot;:&quot;&quot;,&quot;orientation&quot;:&quot;1&quot;}\" data-image-title=\"Publication Domodeco\" data-image-description=\"&lt;p&gt;Sabine Serrad photographe&lt;br \/&gt; Agence Refuge&lt;\/p&gt; \" data-medium-file=\"https:\/\/i0.wp.com\/www.sabine-serrad.fr\/wp-content\/uploads\/2018\/05\/SabineSerradPublicationDomodecoSavoie2-1.jpg?fit=600%2C370\" data-large-file=\"https:\/\/i0.wp.com\/www.sabine-serrad.fr\/wp-content\/uploads\/2018\/05\/SabineSerradPublicationDomodecoSavoie2-1.jpg?fit=1200%2C739\" src=\"https:\/\/i0.wp.com\/www.sabine-serrad.fr\/wp-content\/uploads\/2018\/05\/SabineSerradPublicationDomodecoSavoie2-1.jpg?w=476&#038;h=293\" srcset=\"https:\/\/i0.wp.com\/www.sabine-serrad.fr\/wp-content\/uploads\/2018\/05\/SabineSerradPublicationDomodecoSavoie2-1.jpg?w=1417 1417w, https:\/\/i0.wp.com\/www.sabine-serrad.fr\/wp-content\/uploads\/2018\/05\/SabineSerradPublicationDomodecoSavoie2-1.jpg?resize=600%2C370 600w, https:\/\/i0.wp.com\/www.sabine-serrad.fr\/wp-content\/uploads\/2018\/05\/SabineSerradPublicationDomodecoSavoie2-1.jpg?resize=768%2C473 768w, https:\/\/i0.wp.com\/www.sabine-serrad.fr\/wp-content\/uploads\/2018\/05\/SabineSerradPublicationDomodecoSavoie2-1.jpg?resize=1229%2C757 1229w\" width=\"476\" height=\"293\" loading=\"lazy\" data-original-width=\"476\" data-original-height=\"293\" itemprop=\"http:\/\/schema.org\/image\" title=\"Publication Domodeco\" alt=\"Domod\u00e9co \u00e9dition Savoie \/ Avril 2018\" style=\"width: 476px; height: 293px;\" \/> <\/a> <div class=\"tiled-gallery-caption\" itemprop=\"caption description\"> Domod\u00e9co \u00e9dition Savoie \/ Avril 2018 <\/div> <\/div> <\/div> <!-- close group --> <\/div> <!-- close row --> <div class=\"gallery-row\" style=\"width: 1200px; height: 813px;\" data-original-width=\"1200\" data-original-height=\"813\" > <div class=\"gallery-group images-1\" style=\"width: 624px; height: 813px;\" data-original-width=\"624\" data-original-height=\"813\" > <div class=\"tiled-gallery-item tiled-gallery-item-large\" itemprop=\"associatedMedia\" itemscope itemtype=\"http:\/\/schema.org\/ImageObject\"> <a href=\"http:\/\/www.sabine-serrad.fr\/?attachment_id=856\" border=\"0\" itemprop=\"url\"> <meta itemprop=\"width\" content=\"620\"> <meta itemprop=\"height\" content=\"809\"> <img decoding=\"async\" class=\"\" data-attachment-id=\"856\" data-orig-file=\"http:\/\/www.sabine-serrad.fr\/wp-content\/uploads\/2017\/05\/Domode\u0301co72.png\" data-orig-size=\"760,992\" data-comments-opened=\"\" data-image-meta=\"{&quot;aperture&quot;:&quot;0&quot;,&quot;credit&quot;:&quot;&quot;,&quot;camera&quot;:&quot;&quot;,&quot;caption&quot;:&quot;&quot;,&quot;created_timestamp&quot;:&quot;0&quot;,&quot;copyright&quot;:&quot;&quot;,&quot;focal_length&quot;:&quot;0&quot;,&quot;iso&quot;:&quot;0&quot;,&quot;shutter_speed&quot;:&quot;0&quot;,&quot;title&quot;:&quot;&quot;,&quot;orientation&quot;:&quot;0&quot;}\" data-image-title=\"Domode\u0301co#72\" data-image-description=\"\" data-medium-file=\"https:\/\/i0.wp.com\/www.sabine-serrad.fr\/wp-content\/uploads\/2017\/05\/Domode\u0301co72.png?fit=600%2C783\" data-large-file=\"https:\/\/i0.wp.com\/www.sabine-serrad.fr\/wp-content\/uploads\/2017\/05\/Domode\u0301co72.png?fit=760%2C992\" src=\"https:\/\/i0.wp.com\/www.sabine-serrad.fr\/wp-content\/uploads\/2017\/05\/Domode\u0301co72.png?w=620&#038;h=809\" srcset=\"https:\/\/i0.wp.com\/www.sabine-serrad.fr\/wp-content\/uploads\/2017\/05\/Domode\u0301co72.png?w=760 760w, https:\/\/i0.wp.com\/www.sabine-serrad.fr\/wp-content\/uploads\/2017\/05\/Domode\u0301co72.png?resize=600%2C783 600w\" width=\"620\" height=\"809\" loading=\"lazy\" data-original-width=\"620\" data-original-height=\"809\" itemprop=\"http:\/\/schema.org\/image\" title=\"Domode\u0301co#72\" alt=\"Domode\u0301co#72\" style=\"width: 620px; height: 809px;\" \/> <\/a> <div class=\"tiled-gallery-caption\" itemprop=\"caption description\"> Domode\u0301co#72 <\/div> <\/div> <\/div> <!-- close group --> <div class=\"gallery-group images-1\" style=\"width: 576px; height: 813px;\" data-original-width=\"576\" data-original-height=\"813\" > <div class=\"tiled-gallery-item tiled-gallery-item-large\" itemprop=\"associatedMedia\" itemscope itemtype=\"http:\/\/schema.org\/ImageObject\"> <a href=\"http:\/\/www.sabine-serrad.fr\/?attachment_id=855\" border=\"0\" itemprop=\"url\"> <meta itemprop=\"width\" content=\"572\"> <meta itemprop=\"height\" content=\"809\"> <img decoding=\"async\" class=\"\" data-attachment-id=\"855\" data-orig-file=\"http:\/\/www.sabine-serrad.fr\/wp-content\/uploads\/2017\/05\/Bake\u0301lite-Magazine2.png\" data-orig-size=\"702,992\" data-comments-opened=\"\" data-image-meta=\"{&quot;aperture&quot;:&quot;0&quot;,&quot;credit&quot;:&quot;&quot;,&quot;camera&quot;:&quot;&quot;,&quot;caption&quot;:&quot;&quot;,&quot;created_timestamp&quot;:&quot;0&quot;,&quot;copyright&quot;:&quot;&quot;,&quot;focal_length&quot;:&quot;0&quot;,&quot;iso&quot;:&quot;0&quot;,&quot;shutter_speed&quot;:&quot;0&quot;,&quot;title&quot;:&quot;&quot;,&quot;orientation&quot;:&quot;0&quot;}\" data-image-title=\"Bake\u0301lite Magazine#2\" data-image-description=\"\" data-medium-file=\"https:\/\/i0.wp.com\/www.sabine-serrad.fr\/wp-content\/uploads\/2017\/05\/Bake\u0301lite-Magazine2.png?fit=600%2C848\" data-large-file=\"https:\/\/i0.wp.com\/www.sabine-serrad.fr\/wp-content\/uploads\/2017\/05\/Bake\u0301lite-Magazine2.png?fit=702%2C992\" src=\"https:\/\/i0.wp.com\/www.sabine-serrad.fr\/wp-content\/uploads\/2017\/05\/Bake\u0301lite-Magazine2.png?w=572&#038;h=809\" srcset=\"https:\/\/i0.wp.com\/www.sabine-serrad.fr\/wp-content\/uploads\/2017\/05\/Bake\u0301lite-Magazine2.png?w=702 702w, https:\/\/i0.wp.com\/www.sabine-serrad.fr\/wp-content\/uploads\/2017\/05\/Bake\u0301lite-Magazine2.png?resize=600%2C848 600w\" width=\"572\" height=\"809\" loading=\"lazy\" data-original-width=\"572\" data-original-height=\"809\" itemprop=\"http:\/\/schema.org\/image\" title=\"Bake\u0301lite Magazine#2\" alt=\"Bake\u0301lite Magazine#2\" style=\"width: 572px; height: 809px;\" \/> <\/a> <div class=\"tiled-gallery-caption\" itemprop=\"caption description\"> Bake\u0301lite Magazine#2 <\/div> <\/div> <\/div> <!-- close group --> <\/div> <!-- close row --> <\/div>\n","protected":false},"excerpt":{"rendered":"","protected":false},"author":1,"featured_media":1213,"comment_status":"closed","ping_status":"closed","template":"","format":"standard","meta":{"jetpack_post_was_ever_published":false,"jetpack_publicize_message":"","jetpack_is_tweetstorm":false,"jetpack_publicize_feature_enabled":true,"jetpack_social_post_already_shared":true,"jetpack_social_options":{"image_generator_settings":{"template":"highway","enabled":false}}},"jetpack-portfolio-type":[3],"jetpack-portfolio-tag":[40,10,20,57,30,18,21,16,14,15,37,29,11,33],"jetpack_publicize_connections":[],"jetpack_sharing_enabled":true,"jetpack-related-posts":[],"_links":{"self":[{"href":"http:\/\/www.sabine-serrad.fr\/index.php?rest_route=\/wp\/v2\/jetpack-portfolio\/815"}],"collection":[{"href":"http:\/\/www.sabine-serrad.fr\/index.php?rest_route=\/wp\/v2\/jetpack-portfolio"}],"about":[{"href":"http:\/\/www.sabine-serrad.fr\/index.php?rest_route=\/wp\/v2\/types\/jetpack-portfolio"}],"author":[{"embeddable":true,"href":"http:\/\/www.sabine-serrad.fr\/index.php?rest_route=\/wp\/v2\/users\/1"}],"replies":[{"embeddable":true,"href":"http:\/\/www.sabine-serrad.fr\/index.php?rest_route=%2Fwp%2Fv2%2Fcomments&post=815"}],"version-history":[{"count":14,"href":"http:\/\/www.sabine-serrad.fr\/index.php?rest_route=\/wp\/v2\/jetpack-portfolio\/815\/revisions"}],"predecessor-version":[{"id":1468,"href":"http:\/\/www.sabine-serrad.fr\/index.php?rest_route=\/wp\/v2\/jetpack-portfolio\/815\/revisions\/1468"}],"wp:featuredmedia":[{"embeddable":true,"href":"http:\/\/www.sabine-serrad.fr\/index.php?rest_route=\/wp\/v2\/media\/1213"}],"wp:attachment":[{"href":"http:\/\/www.sabine-serrad.fr\/index.php?rest_route=%2Fwp%2Fv2%2Fmedia&parent=815"}],"wp:term":[{"taxonomy":"jetpack-portfolio-type","embeddable":true,"href":"http:\/\/www.sabine-serrad.fr\/index.php?rest_route=%2Fwp%2Fv2%2Fjetpack-portfolio-type&post=815"},{"taxonomy":"jetpack-portfolio-tag","embeddable":true,"href":"http:\/\/www.sabine-serrad.fr\/index.php?rest_route=%2Fwp%2Fv2%2Fjetpack-portfolio-tag&post=815"}],"curies":[{"name":"wp","href":"https:\/\/api.w.org\/{rel}","templated":true}]}}